{"id":5,"date":"2019-11-29T20:25:26","date_gmt":"2019-11-29T20:25:26","guid":{"rendered":"https:\/\/mearbhall.de\/willkommen-auf-https-mearbhall-de"},"modified":"2025-09-21T19:58:02","modified_gmt":"2025-09-21T19:58:02","slug":"willkommen-auf-mearbhall-de","status":"publish","type":"page","link":"https:\/\/mearbhall.de\/?page_id=5","title":{"rendered":"Die Band"},"content":{"rendered":"<div class=\"wp-block-image\">\n<figure class=\"aligncenter size-large\"><img loading=\"lazy\" decoding=\"async\" width=\"1024\" height=\"1014\" src=\"https:\/\/mearbhall.de\/wp-content\/uploads\/2020\/01\/mearbhall_irish_folk_014_BandHatt_gross-1024x1014.jpg\" alt=\"Ingo            -              V\u00e9ronique        -                  Jochen            -              Andreas vor einer Fachwerkkulisse\" class=\"wp-image-183\" srcset=\"https:\/\/mearbhall.de\/wp-content\/uploads\/2020\/01\/mearbhall_irish_folk_014_BandHatt_gross-1024x1014.jpg 1024w, https:\/\/mearbhall.de\/wp-content\/uploads\/2020\/01\/mearbhall_irish_folk_014_BandHatt_gross-100x100.jpg 100w, https:\/\/mearbhall.de\/wp-content\/uploads\/2020\/01\/mearbhall_irish_folk_014_BandHatt_gross-600x594.jpg 600w, https:\/\/mearbhall.de\/wp-content\/uploads\/2020\/01\/mearbhall_irish_folk_014_BandHatt_gross-300x297.jpg 300w, https:\/\/mearbhall.de\/wp-content\/uploads\/2020\/01\/mearbhall_irish_folk_014_BandHatt_gross-150x150.jpg 150w, https:\/\/mearbhall.de\/wp-content\/uploads\/2020\/01\/mearbhall_irish_folk_014_BandHatt_gross-768x761.jpg 768w, https:\/\/mearbhall.de\/wp-content\/uploads\/2020\/01\/mearbhall_irish_folk_014_BandHatt_gross-1536x1521.jpg 1536w, https:\/\/mearbhall.de\/wp-content\/uploads\/2020\/01\/mearbhall_irish_folk_014_BandHatt_gross.jpg 1772w\" sizes=\"auto, (max-width: 1024px) 100vw, 1024px\" \/><figcaption class=\"wp-element-caption\">     <em>Ingo        &#8211;   <\/em>        <em>V\u00e9ronique       &#8211;            Jochen          &#8211;            Andreas<\/em><\/figcaption><\/figure>\n<\/div>\n\n\n<p><em>Mearbhall<\/em> sind:<br>Ingo L\u00e4mmerhirt: Lead-S\u00e4nger, Geige, Fl\u00f6ten, Bodhran, Akkordeon, Gitarre, Arrangements <br><\/p>\n\n\n\n<figure class=\"wp-block-image size-full\"><img loading=\"lazy\" decoding=\"async\" width=\"770\" height=\"567\" src=\"https:\/\/mearbhall.de\/wp-content\/uploads\/2022\/09\/Ingo-La\u0308mmerhirt-Mearbhall.jpg\" alt=\"Ingo L\u00e4mmerhirt, hier im Bild mit Geige und mit Mikrophon, f\u00fchlt und lebt, zelebriert und interpretiert bis ins tiefste Herz das Wesen des Folk.\" class=\"wp-image-787\" srcset=\"https:\/\/mearbhall.de\/wp-content\/uploads\/2022\/09\/Ingo-La\u0308mmerhirt-Mearbhall.jpg 770w, https:\/\/mearbhall.de\/wp-content\/uploads\/2022\/09\/Ingo-La\u0308mmerhirt-Mearbhall-300x221.jpg 300w, https:\/\/mearbhall.de\/wp-content\/uploads\/2022\/09\/Ingo-La\u0308mmerhirt-Mearbhall-768x566.jpg 768w, https:\/\/mearbhall.de\/wp-content\/uploads\/2022\/09\/Ingo-La\u0308mmerhirt-Mearbhall-600x442.jpg 600w\" sizes=\"auto, (max-width: 770px) 100vw, 770px\" \/><figcaption class=\"wp-element-caption\">Ingo f\u00fchlt und lebt, zelebriert und interpretiert bis ins tiefste Herz das Wesen des Folk.<\/figcaption><\/figure>\n\n\n\n<p>V\u00e9ronique L\u00e4mmerhirt: Geige, Ukulele, Gesang<\/p>\n\n\n\n<figure class=\"wp-block-image size-full\"><img loading=\"lazy\" decoding=\"async\" width=\"394\" height=\"591\" src=\"https:\/\/mearbhall.de\/wp-content\/uploads\/2022\/09\/DSC_0010Veronique-La\u0308mmerhirt-Mearbhall-1.jpeg\" alt=\"V\u00e9ronique L\u00e4mmerhirt mit Geige - verspielt unauff\u00e4llige Begleitung und verl\u00e4ssliche Tempo-Folkerin\" class=\"wp-image-781\" srcset=\"https:\/\/mearbhall.de\/wp-content\/uploads\/2022\/09\/DSC_0010Veronique-La\u0308mmerhirt-Mearbhall-1.jpeg 394w, https:\/\/mearbhall.de\/wp-content\/uploads\/2022\/09\/DSC_0010Veronique-La\u0308mmerhirt-Mearbhall-1-200x300.jpeg 200w\" sizes=\"auto, (max-width: 394px) 100vw, 394px\" \/><figcaption class=\"wp-element-caption\"><strong>V\u00e9ronique<\/strong> mit Geige &#8211; verspielt unauff\u00e4llige Begleitung, klare Tango-Klezmer-Ansage und verl\u00e4ssliche Tempo-Folkerin.<\/figcaption><\/figure>\n\n\n\n<p>Andreas Kaulen: Gitarre, Gesang, Banjo &amp; Arrangements<\/p>\n\n\n\n<figure class=\"wp-block-image size-large is-style-default\"><img loading=\"lazy\" decoding=\"async\" width=\"567\" height=\"756\" src=\"https:\/\/mearbhall.de\/wp-content\/uploads\/2021\/07\/Andreas_Kaulen_Mearbhall_.jpeg\" alt=\"Andreas Kaulen an der Gitarre, Aufnahme aus dem Dschungel Club, Moers\" class=\"wp-image-711\" srcset=\"https:\/\/mearbhall.de\/wp-content\/uploads\/2021\/07\/Andreas_Kaulen_Mearbhall_.jpeg 567w, https:\/\/mearbhall.de\/wp-content\/uploads\/2021\/07\/Andreas_Kaulen_Mearbhall_-225x300.jpeg 225w\" sizes=\"auto, (max-width: 567px) 100vw, 567px\" \/><figcaption class=\"wp-element-caption\"><strong>Andreas:<\/strong> Mit dem Blues-Hardrock in den Fingerspitzen wird jeder Folk-Riff abgeleitet in intensive Energie der Leichtigkeit.<\/figcaption><\/figure>\n\n\n\n<p><br>Jochen Blachucinski: E-Kontrabass, Akkustikbass, Gitarre, Mandoline, Gesang.<\/p>\n\n\n\n<figure class=\"wp-block-image size-full\"><img loading=\"lazy\" decoding=\"async\" width=\"828\" height=\"673\" src=\"https:\/\/mearbhall.de\/wp-content\/uploads\/2022\/09\/Jochen.jpg\" alt=\"Jochen Blachucinski mit seinem E-Bass, im Hintergrund die irische Fahne mit dem Text der Nationalhymne und einer Harfen-Frauen-Bild-Kombination\" class=\"wp-image-782\" srcset=\"https:\/\/mearbhall.de\/wp-content\/uploads\/2022\/09\/Jochen.jpg 828w, https:\/\/mearbhall.de\/wp-content\/uploads\/2022\/09\/Jochen-300x244.jpg 300w, https:\/\/mearbhall.de\/wp-content\/uploads\/2022\/09\/Jochen-768x624.jpg 768w, https:\/\/mearbhall.de\/wp-content\/uploads\/2022\/09\/Jochen-600x488.jpg 600w\" sizes=\"auto, (max-width: 828px) 100vw, 828px\" \/><figcaption class=\"wp-element-caption\"><strong>Jochen<\/strong>, das Fundament: Bass erdet und ebnet den Weg zu tiefen Gef\u00fchlen, klar, ehrlich und unverzichtbar.<\/figcaption><\/figure>\n\n\n\n<figure class=\"wp-block-image size-large\"><img loading=\"lazy\" decoding=\"async\" width=\"1024\" height=\"788\" src=\"https:\/\/mearbhall.de\/wp-content\/uploads\/2020\/01\/mearbhall-1024x788.jpg\" alt=\"keltisch verschn\u00f6rkeltes Bild der Band Mearbhall\" class=\"wp-image-182\" srcset=\"https:\/\/mearbhall.de\/wp-content\/uploads\/2020\/01\/mearbhall-1024x788.jpg 1024w, https:\/\/mearbhall.de\/wp-content\/uploads\/2020\/01\/mearbhall-600x462.jpg 600w, https:\/\/mearbhall.de\/wp-content\/uploads\/2020\/01\/mearbhall-300x231.jpg 300w, https:\/\/mearbhall.de\/wp-content\/uploads\/2020\/01\/mearbhall-768x591.jpg 768w, https:\/\/mearbhall.de\/wp-content\/uploads\/2020\/01\/mearbhall.jpg 1077w\" sizes=\"auto, (max-width: 1024px) 100vw, 1024px\" \/><\/figure>\n\n\n\n<p>&#8222;Irish Folk and More&#8220; aus NRW: <br>Mit zwei Geigen, mehrstimmigem Gesang, akustischer Gitarre, akustischem Bass und E-Kontrabass, Tinwhistle, Banjo, Akkordeon, Mandoline und der irischen Trommel Bodhran stehen wir immer wieder auf der B\u00fchne. Die H\u00e4lfte der Band hat Musik studiert. Alle praktizieren verschiedene andere Musik seit \u00fcber 30 Jahren auf vielen B\u00fchnen in verschiedenen Orchestern und Bands.<\/p>\n\n\n\n<p>Bei freudig-t\u00e4nzerischem Spiel und Gesang macht das Zuh\u00f6ren einfach nur Spa\u00df und irgendwann wollen alle einfach nur noch Mitsingen oder Tanzen.<br>Nach rund 60 erfolgreichen Auftritten freuen wir uns immer wieder auf die Stimmung in grossen und kleinen Locations. Und auf dich. We&#8217;ll folk you again!<\/p>\n\n\n\n<p>Bisher z.B. in Bonn, K\u00f6ln, Leichlingen, D\u00fcsseldorf, Neuss, Krefeld, Moers, Duisburg, Dortmund, Witten, Wuppertal, Remscheid, Haan, Solingen, Mettmann, Velbert, Ennigerloh, Erlensee (Frankfurt\/M.)<\/p>\n\n\n\n<p>Aktuelle Infos auch unter instagram:  irish_folk_mearbhall<\/p>\n\n\n\n<figure class=\"wp-block-image size-large\"><img loading=\"lazy\" decoding=\"async\" width=\"1024\" height=\"606\" src=\"https:\/\/mearbhall.de\/wp-content\/uploads\/2020\/01\/mearbhall_irish_folk_012_BandScrff2_gross-1024x606.jpg\" alt=\"Die Band: Von links nach rechts Andreas mit Banjo, V\u00e9ronique mit Geige, Ingo mit Bodhran, Jochen mit Bass im damaligen Scarriff 2017 in Solingen\" class=\"wp-image-184\" srcset=\"https:\/\/mearbhall.de\/wp-content\/uploads\/2020\/01\/mearbhall_irish_folk_012_BandScrff2_gross-1024x606.jpg 1024w, https:\/\/mearbhall.de\/wp-content\/uploads\/2020\/01\/mearbhall_irish_folk_012_BandScrff2_gross-600x355.jpg 600w, https:\/\/mearbhall.de\/wp-content\/uploads\/2020\/01\/mearbhall_irish_folk_012_BandScrff2_gross-300x178.jpg 300w, https:\/\/mearbhall.de\/wp-content\/uploads\/2020\/01\/mearbhall_irish_folk_012_BandScrff2_gross-768x454.jpg 768w, https:\/\/mearbhall.de\/wp-content\/uploads\/2020\/01\/mearbhall_irish_folk_012_BandScrff2_gross.jpg 1063w\" sizes=\"auto, (max-width: 1024px) 100vw, 1024px\" \/><figcaption class=\"wp-element-caption\">Scarriff (Solingen) 2017<\/figcaption><\/figure>\n\n\n\n<p><br>Dem Spannungsfeld, das sich aus den unterschiedlichen musikalischen  <br>Heimatorten der Musikgruppe, wie klassische Musik, Folk-, Klezmer-, Hard-Rock-, Blues- und Singer-Songwriter-Szene ergibt, zeigt immer wieder seine Wirkung.  <\/p>\n\n\n\n<figure class=\"wp-block-image size-large\"><img loading=\"lazy\" decoding=\"async\" width=\"800\" height=\"200\" src=\"https:\/\/mearbhall.de\/wp-content\/uploads\/2020\/01\/mearbhall_irish_folk_solingen_graefrath_2018.jpg\" alt=\"Ingo zeigt mit dem Geigenbogen ins Publikum, V\u00e9ronique spielt Geige, Andreas l\u00e4chelt Gitarre spielend ins Publikum und Jochen mit Hut spielt den Bass.\" class=\"wp-image-194\" srcset=\"https:\/\/mearbhall.de\/wp-content\/uploads\/2020\/01\/mearbhall_irish_folk_solingen_graefrath_2018.jpg 800w, https:\/\/mearbhall.de\/wp-content\/uploads\/2020\/01\/mearbhall_irish_folk_solingen_graefrath_2018-600x150.jpg 600w, https:\/\/mearbhall.de\/wp-content\/uploads\/2020\/01\/mearbhall_irish_folk_solingen_graefrath_2018-300x75.jpg 300w, https:\/\/mearbhall.de\/wp-content\/uploads\/2020\/01\/mearbhall_irish_folk_solingen_graefrath_2018-768x192.jpg 768w\" sizes=\"auto, (max-width: 800px) 100vw, 800px\" \/><figcaption class=\"wp-element-caption\">Gr\u00e4frath 2018<\/figcaption><\/figure>\n\n\n\n<p class=\"has-text-align-left\"><br>Urspr\u00fcnglich f\u00fcr einen einmaligen 15-Minuten Auftritt gegr\u00fcndet,  werden sie mittlerweile auch nach zwei Stunden nicht von der B\u00fchne  gelassen. <br>Seit dem 18. Dezember 2019 gibt es die erste CD: &#8222;Anam Glas&#8220; &#8211; Gr\u00fcne Seele. <\/p>\n\n\n\n<p><\/p>\n\n\n\n<p>Kontakt:<br>Ingo L\u00e4mmerhirt<br>01sieben2 982 50 50<br>info (\u00e4d) mearbhall.de<\/p>\n\n\n\n<figure class=\"wp-block-image size-large\"><img loading=\"lazy\" decoding=\"async\" width=\"1024\" height=\"578\" src=\"https:\/\/mearbhall.de\/wp-content\/uploads\/2020\/01\/Black-T-Shirt-MEARBHALL-1024x578.jpeg\" alt=\"Bild mit den T-Shirts von Mearbhall.\" class=\"wp-image-186\" srcset=\"https:\/\/mearbhall.de\/wp-content\/uploads\/2020\/01\/Black-T-Shirt-MEARBHALL-1024x578.jpeg 1024w, https:\/\/mearbhall.de\/wp-content\/uploads\/2020\/01\/Black-T-Shirt-MEARBHALL-600x339.jpeg 600w, https:\/\/mearbhall.de\/wp-content\/uploads\/2020\/01\/Black-T-Shirt-MEARBHALL-300x169.jpeg 300w, https:\/\/mearbhall.de\/wp-content\/uploads\/2020\/01\/Black-T-Shirt-MEARBHALL-768x433.jpeg 768w, https:\/\/mearbhall.de\/wp-content\/uploads\/2020\/01\/Black-T-Shirt-MEARBHALL.jpeg 1134w\" sizes=\"auto, (max-width: 1024px) 100vw, 1024px\" \/><figcaption class=\"wp-element-caption\">Band-T-Shirts<\/figcaption><\/figure>\n\n\n\n<details class=\"wp-block-details is-layout-flow wp-block-details-is-layout-flow\"><summary>Details<\/summary>\n<p><\/p>\n<\/details>\n","protected":false},"excerpt":{"rendered":"<p>Mearbhall sind:Ingo L\u00e4mmerhirt: Lead-S\u00e4nger, Geige, Fl\u00f6ten, Bodhran, Akkordeon, Gitarre, Arrangements V\u00e9ronique L\u00e4mmerhirt: Geige, Ukulele, Gesang Andreas Kaulen: Gitarre, Gesang, Banjo &amp; Arrangements Jochen Blachucinski: E-Kontrabass, Akkustikbass, Gitarre, Mandoline, Gesang. &#8222;Irish Folk and More&#8220; aus NRW: Mit zwei Geigen, mehrstimmigem Gesang, akustischer Gitarre, akustischem Bass und&nbsp;<a class=\"read-more\" href=\"https:\/\/mearbhall.de\/?page_id=5\">&hellip;<\/a><\/p>\n","protected":false},"author":1,"featured_media":0,"parent":0,"menu_order":0,"comment_status":"closed","ping_status":"open","template":"","meta":{"footnotes":""},"class_list":["post-5","page","type-page","status-publish","hentry"],"_links":{"self":[{"href":"https:\/\/mearbhall.de\/index.php?rest_route=\/wp\/v2\/pages\/5","targetHints":{"allow":["GET"]}}],"collection":[{"href":"https:\/\/mearbhall.de\/index.php?rest_route=\/wp\/v2\/pages"}],"about":[{"href":"https:\/\/mearbhall.de\/index.php?rest_route=\/wp\/v2\/types\/page"}],"author":[{"embeddable":true,"href":"https:\/\/mearbhall.de\/index.php?rest_route=\/wp\/v2\/users\/1"}],"replies":[{"embeddable":true,"href":"https:\/\/mearbhall.de\/index.php?rest_route=%2Fwp%2Fv2%2Fcomments&post=5"}],"version-history":[{"count":37,"href":"https:\/\/mearbhall.de\/index.php?rest_route=\/wp\/v2\/pages\/5\/revisions"}],"predecessor-version":[{"id":1143,"href":"https:\/\/mearbhall.de\/index.php?rest_route=\/wp\/v2\/pages\/5\/revisions\/1143"}],"wp:attachment":[{"href":"https:\/\/mearbhall.de\/index.php?rest_route=%2Fwp%2Fv2%2Fmedia&parent=5"}],"curies":[{"name":"wp","href":"https:\/\/api.w.org\/{rel}","templated":true}]}}