{"id":6,"date":"2019-11-29T20:25:26","date_gmt":"2019-11-29T20:25:26","guid":{"rendered":"https:\/\/mearbhall.de\/willkommen-auf-https-mearbhall-de"},"modified":"2026-04-21T16:58:07","modified_gmt":"2026-04-21T16:58:07","slug":"willkommen-auf-https-mearbhall-de","status":"publish","type":"page","link":"https:\/\/mearbhall.de\/","title":{"rendered":"Mearbhall: Die Live-Termine"},"content":{"rendered":"\n<p>Facebook-Kommentar von Elisabeth W.: &#8222;Die vier sind hervorragende K\u00fcnstler &#8211; man sp\u00fcrt dass sie nicht nur ein geniales K\u00f6nnen besitzen, sondern die Musik auch lieben!&#8220; (April 2023)<br>Danke, Elisabeth, ja, das tun wir \ud83d\ude42<br>&#8222;Du hast uns als Fans heute dazu gewonnen und wir werden uns noch \u00f6fters sehen.&#8220; <br>A&amp;C aus Kalkar(2025)<br>&#8222;Nochmals vielen Dank f\u00fcr euer tolles Konzert am gestrigen Freitag in Erlensee! Wir waren begeistert von Euch, macht weiter so!&#8220; Pia und Heiko. (2025)<\/p>\n\n\n\n<p><strong><mark><strong><mark><span class=\"tadv-background-color\" style=\"background-color:#7bdcb5\"><span style=\"text-decoration: underline;\"><\/span><\/span><\/mark><\/strong><\/mark><\/strong><\/p>\n\n\n\n<p><strong><mark><strong><mark><span class=\"tadv-background-color\" style=\"background-color:#7bdcb5\"><span style=\"text-decoration: underline;\">Irish  Folk  auf<\/span><\/span><span class=\"tadv-background-color\" style=\"background-color:#ffffff\"><span style=\"text-decoration: underline;\"> <a href=\"https:\/\/open.spotify.com\/intl-de\/artist\/2PGg09qIMrdNRQy8lmtUGw?si=b9jq22S7S4ikr-Yucpq3tQ\" target=\"_blank\" rel=\"noreferrer noopener\">         Spotify       <\/a> <a href=\"https:\/\/open.spotify.com\/intl-de\/artist\/2PGg09qIMrdNRQy8lmtUGw?si=l4oyzEF-TAK8qQCQBGVkMw\"> <\/a><\/span><\/span><span class=\"tadv-background-color\" style=\"background-color:#fcb900\"><span style=\"text-decoration: underline;\"><a href=\"https:\/\/open.spotify.com\/intl-de\/artist\/2PGg09qIMrdNRQy8lmtUGw?si=b9jq22S7S4ikr-Yucpq3tQ\" target=\"_blank\" rel=\"noreferrer noopener\">gerne abonnieren<\/a><\/span><\/span><\/mark><\/strong><\/mark><\/strong><\/p>\n\n\n\n<p><strong><mark>  <\/mark><\/strong><mark><strong>Podcast Haan: Ver\u00f6ffentlichung der &#8222;Mearbhall&#8220;-Folge,<\/strong><\/mark><a href=\"https:\/\/haanerpodcast.podigee.io\/\" target=\"_blank\" rel=\"noreferrer noopener\">haanerpodcast<\/a><\/p>\n\n\n\n<p><\/p>\n\n\n\n<p><s><strong><mark><strong><mark><span class=\"tadv-background-color\" style=\"background-color:#7bdcb5\"><span style=\"text-decoration: underline;\">18 .<\/span><\/span><span class=\"tadv-background-color\" style=\"background-color:#ffffff\"><span style=\"text-decoration: underline;\">04. <\/span><\/span><span class=\"tadv-background-color\" style=\"background-color:#fcb900\"><span style=\"text-decoration: underline;\">2026<\/span><\/span><\/mark><\/strong> <\/mark><\/strong><mark><strong>Simmerath, Tenne Eicherscheid &#8222;Irish Night&#8220;<\/strong><\/mark>,<\/s> <br>&#8211; abgesagt wg. Trauerfall im Veranstalter-Kreis<a href=\"https:\/\/www.tenne-eicherscheid.de\" target=\"_blank\" rel=\"noreferrer noopener\"> Simmerath-Eicherscheid<\/a> <\/p>\n\n\n\n<p class=\"has-white-background-color has-background\"><strong><mark><strong><mark><span class=\"tadv-background-color\" style=\"background-color:#7bdcb5\"><span style=\"text-decoration: underline;\">09.<\/span><\/span><span class=\"tadv-background-color\" style=\"background-color:#ffffff\"><span style=\"text-decoration: underline;\">10. <\/span><\/span><span class=\"tadv-background-color\" style=\"background-color:#fcb900\"><span style=\"text-decoration: underline;\">2026<\/span><\/span><\/mark><\/strong><\/mark><\/strong><mark><strong>Solingen-Gr\u00e4frath<\/strong><\/mark>,  <a href=\"https:\/\/www.heimatverein.eu\/events\/event\/graefrath-abend-mit-verleihung-des-graefrathaler\/\" target=\"_blank\" rel=\"noreferrer noopener\">Gr\u00e4frath-Abend<\/a> <br>Kurzauftritt wie immer, im Rahmen des dreist\u00fcndigen Kulturprogramms <br>Der Anlass, wof\u00fcr wir vor genau 10 Jahren als Band zusammengefunden haben !!!<\/p>\n\n\n\n<p><strong><mark><strong><mark><span class=\"tadv-background-color\" style=\"background-color:#7bdcb5\"><span style=\"text-decoration: underline;\">14 .<\/span><\/span><span class=\"tadv-background-color\" style=\"background-color:#ffffff\"><span style=\"text-decoration: underline;\"> 11.  <\/span><\/span><span class=\"tadv-background-color\" style=\"background-color:#fcb900\"><span style=\"text-decoration: underline;\">2026<\/span><\/span><\/mark><\/strong> <\/mark><\/strong><mark><strong>Wuppertal-Elberfeld, Spunk<\/strong><\/mark>,   <a href=\"https:\/\/www.spunk-wuppertal.de\/\" data-type=\"link\" data-id=\"https:\/\/www.becherhushaan.de\/\" target=\"_blank\" rel=\"noreferrer noopener\">Flensburger Str. 38, 42107 Wuppertal<\/a> <br>Der Hut geht rum.<\/p>\n\n\n\n<p class=\"has-large-font-size\">Bilder zu den bisherigen rund 60 Konzerten <a href=\"#Bisherige_Konzerte\" data-type=\"internal\" data-id=\"#Bisherige_Konzerte\">hier<\/a> <br>(unten auf der Seite)<\/p>\n\n\n\n<p>&#8222;&#8230; es hat wieder richtig Spa\u00df gemacht. Ihr schafft eine tolle Atmosph\u00e4re mit eurem K\u00f6nnen und eurem Spielspa\u00df. Vielen Dank f\u00fcr einen sch\u00f6nen Abend&#8220;<\/p>\n\n\n\n<p>Da w\u00fcrden wir uns auch freuen: Abonniert unseren YouTube-Kanal:  <br><a href=\"https:\/\/www.youtube.com\/channel\/UCb5f6i9P46GFUg-fRpAUlqA\">https:\/\/www.youtube.com\/channel\/UCb5f6i9P46GFUg-fRpAUlqA<\/a><\/p>\n\n\n\n<figure class=\"wp-block-embed is-type-video is-provider-youtube wp-block-embed-youtube wp-embed-aspect-16-9 wp-has-aspect-ratio\"><div class=\"wp-block-embed__wrapper\">\n<iframe loading=\"lazy\" title=\"Mearbhall im Rockin Rooster Club 2025 - Live in Concert; Ausschnitte 06.09.2025\" width=\"1200\" height=\"675\" src=\"https:\/\/www.youtube.com\/embed\/ouWKYWcyZ60?feature=oembed\" frameborder=\"0\" allow=\"accelerometer; autoplay; clipboard-write; encrypted-media; gyroscope; picture-in-picture; web-share\" referrerpolicy=\"strict-origin-when-cross-origin\" allowfullscreen><\/iframe>\n<\/div><\/figure>\n\n\n\n<figure class=\"wp-block-embed is-type-video is-provider-youtube wp-block-embed-youtube wp-embed-aspect-16-9 wp-has-aspect-ratio\"><div class=\"wp-block-embed__wrapper\">\n<iframe loading=\"lazy\" title=\"Wellerman Song: MEARBHALL Live in Moers - Lyrics, mit Text, Chords, Akkorde in der Beschreibung\" width=\"1200\" height=\"675\" src=\"https:\/\/www.youtube.com\/embed\/ALLDjlOhrws?feature=oembed\" frameborder=\"0\" allow=\"accelerometer; autoplay; clipboard-write; encrypted-media; gyroscope; picture-in-picture; web-share\" referrerpolicy=\"strict-origin-when-cross-origin\" allowfullscreen><\/iframe>\n<\/div><\/figure>\n\n\n\n<figure class=\"wp-block-embed is-type-video is-provider-youtube wp-block-embed-youtube wp-embed-aspect-16-9 wp-has-aspect-ratio\"><div class=\"wp-block-embed__wrapper\">\n<iframe loading=\"lazy\" title=\"Molly Malone. Ausschnitt vom Album &quot;Anam Glas&quot; der Band Mearbhall   HD 720p\" width=\"1200\" height=\"675\" src=\"https:\/\/www.youtube.com\/embed\/0YDkZr88Qng?feature=oembed\" frameborder=\"0\" allow=\"accelerometer; autoplay; clipboard-write; encrypted-media; gyroscope; picture-in-picture; web-share\" referrerpolicy=\"strict-origin-when-cross-origin\" allowfullscreen><\/iframe>\n<\/div><figcaption class=\"wp-element-caption\">Hier kann man 1 Minute in den 1. CD Song reinh\u00f6ren: Molly Malone<\/figcaption><\/figure>\n\n\n\n<p>\u00dcber 60 Konzerte haben wir hinter uns &#8211; etwas mehr als der eigentlich geplante einmalige 15 Minuten-Auftritt. Jedes mal war und ist es f\u00fcr uns ein Fest! Wir leben und lieben Musik, wir lachen und singen mit euch und wir machen es, weil es euch gibt! Hoffentlich sehen wir uns bald wieder LIVE.<\/p>\n\n\n\n<figure class=\"wp-block-image size-large\"><img loading=\"lazy\" decoding=\"async\" width=\"800\" height=\"200\" src=\"https:\/\/mearbhall.de\/wp-content\/uploads\/2020\/01\/mearbhall_live_rockin_rooster_haan_mix.jpg\" alt=\"\" class=\"wp-image-199\" srcset=\"https:\/\/mearbhall.de\/wp-content\/uploads\/2020\/01\/mearbhall_live_rockin_rooster_haan_mix.jpg 800w, https:\/\/mearbhall.de\/wp-content\/uploads\/2020\/01\/mearbhall_live_rockin_rooster_haan_mix-600x150.jpg 600w, https:\/\/mearbhall.de\/wp-content\/uploads\/2020\/01\/mearbhall_live_rockin_rooster_haan_mix-300x75.jpg 300w, https:\/\/mearbhall.de\/wp-content\/uploads\/2020\/01\/mearbhall_live_rockin_rooster_haan_mix-768x192.jpg 768w\" sizes=\"auto, (max-width: 800px) 100vw, 800px\" \/><figcaption class=\"wp-element-caption\">Rockin&#8216; Rooster Club, Haan 2019<\/figcaption><\/figure>\n\n\n\n<p>Gesteht uns ein P\u00e4rchen nach dem Irish-Folk-Festival Auftritt: <br><em>&#8222;Wenn wir heiraten, legen wir den Termin auf einen von euren Auftritten, dann k\u00f6nnen wir Abends richtig feiern.&#8220; (Danke an K &amp; T aus Wuppertal! Wir f\u00fchlen uns sehr geehrt.)<\/em><br><br>Eine unserer Konzert-Besucherinnen, die seit vier Jahrzehnten U2 Fan ist und einen Tag vorher auf dem U2-Konzert in K\u00f6ln war, hat auf ihrer internen Facebook-Seite \u00fcber unseren Haaner Fienchen&#8217;s Kaj\u00fcte-Auftritt geschrieben: <em>&#8222;Gestern die selbsternannte beste Rockband der Welt (U2), heute gerader, ehrlicher irischer Folkrock mit Mearbhall.&#8220;<\/em> <br>(Da freuen wir uns so, dass wir rot bis \u00fcber beide Ohren werden. Danke an D. aus Haan) <\/p>\n\n\n\n<p class=\"has-large-font-size\" id=\"Bisherige_Konzerte\"><strong>Bisherige Konzerte:<\/strong><\/p>\n\n\n\n<p><strong><mark><strong><mark><span class=\"tadv-background-color\" style=\"background-color:#7bdcb5\"><span style=\"text-decoration: underline;\">21 .<\/span><\/span><span class=\"tadv-background-color\" style=\"background-color:#ffffff\"><span style=\"text-decoration: underline;\">03. <\/span><\/span><span class=\"tadv-background-color\" style=\"background-color:#fcb900\"><span style=\"text-decoration: underline;\">2026<\/span><\/span><\/mark><\/strong> <\/mark><\/strong><mark><strong>Haan, Becherhus<\/strong> St. Patricks Day Woche<\/mark>, <a href=\"https:\/\/www.becherhushaan.de\/\" data-type=\"link\" data-id=\"https:\/\/www.becherhushaan.de\/\" target=\"_blank\" rel=\"noreferrer noopener\">Kaiserstra\u00dfe 47, 42781 Haan;<\/a> <br>Ausverkauft!!! Mal wieder :)) Wir danken euch f\u00fcr den tollen Abend. Es war sch\u00f6n mit euch zu Singen<\/p>\n\n\n\n<p><strong><mark><strong><mark><span class=\"tadv-background-color\" style=\"background-color:#7bdcb5\"><span style=\"text-decoration: underline;\">09 .<\/span><\/span><span class=\"tadv-background-color\" style=\"background-color:#ffffff\"><span style=\"text-decoration: underline;\">10 . <\/span><\/span><span class=\"tadv-background-color\" style=\"background-color:#fcb900\"><span style=\"text-decoration: underline;\">2025<\/span><\/span><\/mark><\/strong> <\/mark><\/strong><mark><strong>Leverkusen Bergisch Neukirchen <\/strong><\/mark>,<a href=\"https:\/\/www.ekbn.de\/b\/kultur-am-donnerstag-irischer-abend-34591965?utm_medium=Widgets\" target=\"_blank\" rel=\"noreferrer noopener\">Kultur am Donnerstag: <\/a>Irischer Abend mit Mearbhall und der Einmann-Band The Nook. Pastor-Scheibler-Str. 1, 51381 Leverkusen<\/p>\n\n\n\n<p><strong><mark><strong><mark><span class=\"tadv-background-color\" style=\"background-color:#7bdcb5\"><span style=\"text-decoration: underline;\">06 .<\/span><\/span><span class=\"tadv-background-color\" style=\"background-color:#ffffff\"><span style=\"text-decoration: underline;\">09 . <\/span><\/span><span class=\"tadv-background-color\" style=\"background-color:#fcb900\"><span style=\"text-decoration: underline;\">2025<\/span><\/span><\/mark><\/strong> <\/mark><\/strong><mark><strong>Haan, <a href=\"https:\/\/rockinroosterclub.de\/\">Rockin<\/a> Rooster Club<\/strong><\/mark>, 42781 Haan. 20 Uhr Ausverkauft (Auftritt zusammen mit Primrose Hill):<\/p>\n\n\n\n<figure class=\"wp-block-image size-large\"><img loading=\"lazy\" decoding=\"async\" width=\"1024\" height=\"507\" src=\"https:\/\/mearbhall.de\/wp-content\/uploads\/2025\/09\/Mearbhall-live-am-06.09.25-im-RRC-Haan-light-1024x507.png\" alt=\"\" class=\"wp-image-1144\" srcset=\"https:\/\/mearbhall.de\/wp-content\/uploads\/2025\/09\/Mearbhall-live-am-06.09.25-im-RRC-Haan-light-1024x507.png 1024w, https:\/\/mearbhall.de\/wp-content\/uploads\/2025\/09\/Mearbhall-live-am-06.09.25-im-RRC-Haan-light-300x148.png 300w, https:\/\/mearbhall.de\/wp-content\/uploads\/2025\/09\/Mearbhall-live-am-06.09.25-im-RRC-Haan-light-768x380.png 768w, https:\/\/mearbhall.de\/wp-content\/uploads\/2025\/09\/Mearbhall-live-am-06.09.25-im-RRC-Haan-light.png 1134w\" sizes=\"auto, (max-width: 1024px) 100vw, 1024px\" \/><\/figure>\n\n\n\n<p>  <\/p>\n\n\n\n<p><strong><mark><strong><mark><span class=\"tadv-background-color\" style=\"background-color:#7bdcb5\"><span style=\"text-decoration: underline;\">  20 .<\/span><\/span><span class=\"tadv-background-color\" style=\"background-color:#ffffff\"><span style=\"text-decoration: underline;\">   06 .  <\/span><\/span><span class=\"tadv-background-color\" style=\"background-color:#fcb900\"><span style=\"text-decoration: underline;\">2025<\/span><\/span><\/mark><\/strong>  <\/mark><\/strong><mark><strong>Wasserburg R\u00fcckingen Erlensee (bei Frankfurt)<\/strong><\/mark>, 20 Uhr, <br>An der Wasserburg 1, 63526 ERLENSEE,Tickets f\u00fcr 25,-\u20ac bei <a href=\"https:\/\/www.eventim.de\/event\/irisch-schottischer-abend-mit-mearbhall-historische-wasserburg-19804765\/\" target=\"_blank\" rel=\"noreferrer noopener\">EVENTIM<\/a><br>DANKE an die 500 G\u00e4ste f\u00fcr den sch\u00f6nen Abend!!<\/p>\n\n\n\n<figure class=\"wp-block-image size-large\"><img loading=\"lazy\" decoding=\"async\" width=\"1024\" height=\"739\" src=\"https:\/\/mearbhall.de\/wp-content\/uploads\/2025\/08\/Irish-Folk-Frankfurt-Erlensee-Mearbhall-col_-1024x739.jpeg\" alt=\"\" class=\"wp-image-1129\" srcset=\"https:\/\/mearbhall.de\/wp-content\/uploads\/2025\/08\/Irish-Folk-Frankfurt-Erlensee-Mearbhall-col_-1024x739.jpeg 1024w, https:\/\/mearbhall.de\/wp-content\/uploads\/2025\/08\/Irish-Folk-Frankfurt-Erlensee-Mearbhall-col_-300x216.jpeg 300w, https:\/\/mearbhall.de\/wp-content\/uploads\/2025\/08\/Irish-Folk-Frankfurt-Erlensee-Mearbhall-col_-768x554.jpeg 768w, https:\/\/mearbhall.de\/wp-content\/uploads\/2025\/08\/Irish-Folk-Frankfurt-Erlensee-Mearbhall-col_.jpeg 1134w\" sizes=\"auto, (max-width: 1024px) 100vw, 1024px\" \/><\/figure>\n\n\n\n<p><strong><mark><strong><mark><span class=\"tadv-background-color\" style=\"background-color:#7bdcb5\"><span style=\"text-decoration: underline;\">  14 .<\/span><\/span><span class=\"tadv-background-color\" style=\"background-color:#ffffff\"><span style=\"text-decoration: underline;\">   06 .  <\/span><\/span><span class=\"tadv-background-color\" style=\"background-color:#fcb900\"><span style=\"text-decoration: underline;\">2025<\/span><\/span><\/mark><\/strong>  <\/mark><\/strong><mark><strong>Moers, Dschungel<\/strong><\/mark>, <a href=\"https:\/\/www.dschungel-club.com\/\" target=\"_blank\" rel=\"noreferrer noopener\">20:00 Uhr Viktoriastra\u00dfe 36, 47443 Moers<\/a><br>Tickets bei <a href=\"https:\/\/rogschticket.de\/Mearbhall-14062025-Moers\" target=\"_blank\" rel=\"noreferrer noopener\">https:\/\/rogschticket.de\/Mearbhall<\/a> Einlass ab 18 Uhr.<\/p>\n\n\n\n<p><strong><mark><strong><mark><span class=\"tadv-background-color\" style=\"background-color:#7bdcb5\"><span style=\"text-decoration: underline;\">    07.<\/span><\/span><span class=\"tadv-background-color\" style=\"background-color:#ffffff\"><span style=\"text-decoration: underline;\">  06 .  <\/span><\/span><span class=\"tadv-background-color\" style=\"background-color:#fcb900\"><span style=\"text-decoration: underline;\">2025<\/span><\/span><\/mark><\/strong> <\/mark><\/strong><mark><strong>Dortmund, H\u00f6rder Neumarktfest <\/strong><\/mark><a href=\"https:\/\/wir-am-hoerder-neumarkt.de\/\" target=\"_blank\" rel=\"noreferrer noopener\"><strong>Open Air &#8211; auf dem Platz vor dem Haus Rode<\/strong>, <\/a>20:00 Uhr, Am Heedbrink 72; Dortmund, Eintritt frei<br>Das war selbst f\u00fcr irische Verh\u00e4ltnisse zu nass \ud83d\ude42<\/p>\n\n\n\n<p><strong><mark><strong><mark><span class=\"tadv-background-color\" style=\"background-color:#7bdcb5\"><span style=\"text-decoration: underline;\">  01 .<\/span><\/span><span class=\"tadv-background-color\" style=\"background-color:#ffffff\"><span style=\"text-decoration: underline;\">  06.  <\/span><\/span><span class=\"tadv-background-color\" style=\"background-color:#fcb900\"><span style=\"text-decoration: underline;\">2025<\/span><\/span><\/mark><\/strong>  <\/mark><\/strong><mark><strong>Haaner Gartenlust 2025<\/strong><\/mark>, umsonst und drau\u00dfen im Gr\u00fcnen<br><a href=\"https:\/\/www.haaner-gartenlust.de\/\" target=\"_blank\" rel=\"noreferrer noopener\">https:\/\/www.haaner-gartenlust.de\/<\/a><\/p>\n\n\n\n<figure class=\"wp-block-image size-full\"><img loading=\"lazy\" decoding=\"async\" width=\"850\" height=\"515\" src=\"https:\/\/mearbhall.de\/wp-content\/uploads\/2025\/08\/Irish-Folk-Haan-Gartenlust-2025-Mearbhall_.png\" alt=\"\" class=\"wp-image-1127\" srcset=\"https:\/\/mearbhall.de\/wp-content\/uploads\/2025\/08\/Irish-Folk-Haan-Gartenlust-2025-Mearbhall_.png 850w, https:\/\/mearbhall.de\/wp-content\/uploads\/2025\/08\/Irish-Folk-Haan-Gartenlust-2025-Mearbhall_-300x182.png 300w, https:\/\/mearbhall.de\/wp-content\/uploads\/2025\/08\/Irish-Folk-Haan-Gartenlust-2025-Mearbhall_-768x465.png 768w\" sizes=\"auto, (max-width: 850px) 100vw, 850px\" \/><\/figure>\n\n\n\n<p><br><strong><mark><strong><mark><span class=\"tadv-background-color\" style=\"background-color:#7bdcb5\"><span style=\"text-decoration: underline;\">  22 .<\/span><\/span><span class=\"tadv-background-color\" style=\"background-color:#ffffff\"><span style=\"text-decoration: underline;\">  03.  <\/span><\/span><span class=\"tadv-background-color\" style=\"background-color:#fcb900\"><span style=\"text-decoration: underline;\">2025<\/span><\/span><\/mark><\/strong>  <\/mark><\/strong><mark><strong>Haan, Becherhus<\/strong>   St. Patricks Day Woche<\/mark>, <a href=\"https:\/\/www.becherhushaan.de\/\" data-type=\"link\" data-id=\"https:\/\/www.becherhushaan.de\/\" target=\"_blank\" rel=\"noreferrer noopener\">20:00 Uhr Kaiserstra\u00dfe 47, 42781 Haan;<\/a> <br>Erfreulicherweise restlos ausverkauft \ud83d\ude42<\/p>\n\n\n\n<figure class=\"wp-block-image size-full\"><img loading=\"lazy\" decoding=\"async\" width=\"964\" height=\"408\" src=\"https:\/\/mearbhall.de\/wp-content\/uploads\/2025\/09\/Becherhus-Haan-2025-Irish-Folk-Mearbhall.jpg\" alt=\"\" class=\"wp-image-1134\" srcset=\"https:\/\/mearbhall.de\/wp-content\/uploads\/2025\/09\/Becherhus-Haan-2025-Irish-Folk-Mearbhall.jpg 964w, https:\/\/mearbhall.de\/wp-content\/uploads\/2025\/09\/Becherhus-Haan-2025-Irish-Folk-Mearbhall-300x127.jpg 300w, https:\/\/mearbhall.de\/wp-content\/uploads\/2025\/09\/Becherhus-Haan-2025-Irish-Folk-Mearbhall-768x325.jpg 768w\" sizes=\"auto, (max-width: 964px) 100vw, 964px\" \/><figcaption class=\"wp-element-caption\">Bild vom Auftritt im Becherhus 2025<\/figcaption><\/figure>\n\n\n\n<p><strong><mark><strong><mark><span class=\"tadv-background-color\" style=\"background-color:#7bdcb5\"><span style=\"text-decoration: underline;\">    16 .<\/span><\/span><span class=\"tadv-background-color\" style=\"background-color:#ffffff\"><span style=\"text-decoration: underline;\">  11 .  <\/span><\/span><span class=\"tadv-background-color\" style=\"background-color:#fcb900\"><span style=\"text-decoration: underline;\">2024<\/span><\/span><\/mark><\/strong>  <\/mark><\/strong><mark><strong>Wuppertal, Spunk<\/strong><\/mark>, <a href=\"https:\/\/www.spunk-wuppertal.de\/\" target=\"_blank\" rel=\"noreferrer noopener\">20:00 Uhr, Flensburger Str. 38, 42107 W.-Elberfeld Ostersbaum<\/a><br><\/p>\n\n\n\n<p><strong><mark><strong><mark><span class=\"tadv-background-color\" style=\"background-color:#7bdcb5\"><span style=\"text-decoration: underline;\">    09 .<\/span><\/span><span class=\"tadv-background-color\" style=\"background-color:#ffffff\"><span style=\"text-decoration: underline;\">  11 .  <\/span><\/span><span class=\"tadv-background-color\" style=\"background-color:#fcb900\"><span style=\"text-decoration: underline;\">2024<\/span><\/span><\/mark><\/strong>  <\/mark><\/strong><mark><strong>Duisburg, Zum Hocker<\/strong><\/mark>,<a href=\"https:\/\/zumhocker.chayns.site\/\"> 20:00 Uhr, Vor dem Tore 76; 47279 Duisburg; <\/a><br><\/p>\n\n\n\n<figure class=\"wp-block-image size-full is-resized\"><img loading=\"lazy\" decoding=\"async\" width=\"520\" height=\"409\" src=\"https:\/\/mearbhall.de\/wp-content\/uploads\/2024\/11\/Zum-Hocker-9.11.24-Duisburg-Irish-Folk-mit-Mearbhall-Kneipe-Markus-Krebs_.jpg\" alt=\"\" class=\"wp-image-1076\" style=\"width:839px;height:auto\" srcset=\"https:\/\/mearbhall.de\/wp-content\/uploads\/2024\/11\/Zum-Hocker-9.11.24-Duisburg-Irish-Folk-mit-Mearbhall-Kneipe-Markus-Krebs_.jpg 520w, https:\/\/mearbhall.de\/wp-content\/uploads\/2024\/11\/Zum-Hocker-9.11.24-Duisburg-Irish-Folk-mit-Mearbhall-Kneipe-Markus-Krebs_-300x236.jpg 300w\" sizes=\"auto, (max-width: 520px) 100vw, 520px\" \/><figcaption class=\"wp-element-caption\">&#8222;Zum Hocker&#8220; in Duisburg &#8211; nee, Markus Krebs war nicht dabei \ud83d\ude42<br><\/figcaption><\/figure>\n\n\n\n<p><strong><mark><strong><mark><span class=\"tadv-background-color\" style=\"background-color:#7bdcb5\"><span style=\"text-decoration: underline;\">    25 .<\/span><\/span><span class=\"tadv-background-color\" style=\"background-color:#ffffff\"><span style=\"text-decoration: underline;\">  10 .  <\/span><\/span><span class=\"tadv-background-color\" style=\"background-color:#fcb900\"><span style=\"text-decoration: underline;\">2024<\/span><\/span><\/mark><\/strong>  <\/mark><\/strong><mark><strong>Solingen-Gr\u00e4frath<\/strong><\/mark>, ab 19 Uhr, Der Gr\u00e4frath Abend<\/p>\n\n\n\n<figure class=\"wp-block-image size-full\"><img loading=\"lazy\" decoding=\"async\" width=\"964\" height=\"386\" src=\"https:\/\/mearbhall.de\/wp-content\/uploads\/2024\/11\/Bildschirmfoto-2024-11-10-um-17.26.04.png\" alt=\"\" class=\"wp-image-1082\" srcset=\"https:\/\/mearbhall.de\/wp-content\/uploads\/2024\/11\/Bildschirmfoto-2024-11-10-um-17.26.04.png 964w, https:\/\/mearbhall.de\/wp-content\/uploads\/2024\/11\/Bildschirmfoto-2024-11-10-um-17.26.04-300x120.png 300w, https:\/\/mearbhall.de\/wp-content\/uploads\/2024\/11\/Bildschirmfoto-2024-11-10-um-17.26.04-768x308.png 768w, https:\/\/mearbhall.de\/wp-content\/uploads\/2024\/11\/Bildschirmfoto-2024-11-10-um-17.26.04-600x240.png 600w\" sizes=\"auto, (max-width: 964px) 100vw, 964px\" \/><\/figure>\n\n\n\n<p>Solingen: Auftritt neben vielen anderen Kleink\u00fcnstlern und Bands<\/p>\n\n\n\n<p><strong><mark><span class=\"tadv-background-color\" style=\"background-color:#7bdcb5\"><span style=\"text-decoration: underline;\">|    24.<\/span><\/span><span class=\"tadv-background-color\" style=\"background-color:#ffffff\"><span style=\"text-decoration: underline;\">   08.  <\/span><\/span><span class=\"tadv-background-color\" style=\"background-color:#fcb900\"><span style=\"text-decoration: underline;\">2024<\/span><\/span><\/mark> <\/strong><mark><strong>Dortmund-H\u00f6rde, Haus Rode, <\/strong><\/mark> 20 Uhr<\/p>\n\n\n\n<figure class=\"wp-block-image size-large\"><img loading=\"lazy\" decoding=\"async\" width=\"1024\" height=\"337\" src=\"https:\/\/mearbhall.de\/wp-content\/uploads\/2024\/10\/Mearbhall-Irish-Folk-in-Dortmund-Hoerde-2024-1024x337.jpg\" alt=\"Bild aus der Kneipe im Haus Rode. Zuschauerinnen klatschen stehend, auf der B\u00fchne Andreas mit Gitarre, Ingo und Veronique mit der Geige, Jochen am Bass. Im Hintergrund das Mearbhall Plakat.\" class=\"wp-image-1035\" srcset=\"https:\/\/mearbhall.de\/wp-content\/uploads\/2024\/10\/Mearbhall-Irish-Folk-in-Dortmund-Hoerde-2024-1024x337.jpg 1024w, https:\/\/mearbhall.de\/wp-content\/uploads\/2024\/10\/Mearbhall-Irish-Folk-in-Dortmund-Hoerde-2024-300x99.jpg 300w, https:\/\/mearbhall.de\/wp-content\/uploads\/2024\/10\/Mearbhall-Irish-Folk-in-Dortmund-Hoerde-2024-768x253.jpg 768w, https:\/\/mearbhall.de\/wp-content\/uploads\/2024\/10\/Mearbhall-Irish-Folk-in-Dortmund-Hoerde-2024-1536x506.jpg 1536w, https:\/\/mearbhall.de\/wp-content\/uploads\/2024\/10\/Mearbhall-Irish-Folk-in-Dortmund-Hoerde-2024-1320x435.jpg 1320w, https:\/\/mearbhall.de\/wp-content\/uploads\/2024\/10\/Mearbhall-Irish-Folk-in-Dortmund-Hoerde-2024-600x198.jpg 600w, https:\/\/mearbhall.de\/wp-content\/uploads\/2024\/10\/Mearbhall-Irish-Folk-in-Dortmund-Hoerde-2024.jpg 1804w\" sizes=\"auto, (max-width: 1024px) 100vw, 1024px\" \/><\/figure>\n\n\n\n<p><strong><mark><span class=\"tadv-background-color\" style=\"background-color:#7bdcb5\"><span style=\"text-decoration: underline;\">|    04.<\/span><\/span><span class=\"tadv-background-color\" style=\"background-color:#ffffff\"><span style=\"text-decoration: underline;\">   05.  <\/span><\/span><span class=\"tadv-background-color\" style=\"background-color:#fcb900\"><span style=\"text-decoration: underline;\">2024<\/span><\/span><\/mark> <\/strong><mark><strong>Moers, <\/strong><\/mark>20 Uhr, Dschungel Club<\/p>\n\n\n\n<p><strong><mark><strong><mark><span class=\"tadv-background-color\" style=\"background-color:#7bdcb5\"><span style=\"text-decoration: underline;\">|    16 .<\/span><\/span><span class=\"tadv-background-color\" style=\"background-color:#ffffff\"><span style=\"text-decoration: underline;\">  03 .  <\/span><\/span><span class=\"tadv-background-color\" style=\"background-color:#fcb900\"><span style=\"text-decoration: underline;\">2024<\/span><\/span><\/mark><\/strong>  <\/mark><\/strong><mark><strong>Witten<\/strong><\/mark>, <mark>ST. PATRICK&#8217;S DAY<\/mark> in Witten-Bommern, mit 150 Freundinnen und Freunden unserer Musik und gro\u00dfartigem Mitsing-Engagement war es ein fulminanter Abend. <br>Von der damaligen Ehrenamtsgruppe BonBomm organisiert.<\/p>\n\n\n\n<figure class=\"wp-block-image size-large\"><img loading=\"lazy\" decoding=\"async\" width=\"1024\" height=\"473\" src=\"https:\/\/mearbhall.de\/wp-content\/uploads\/2024\/03\/20240316_Mearbhall_Laemmerhirt_kaulen_blachucinski_irish_folk-witten_bommern_-1024x473.jpeg\" alt=\"\" class=\"wp-image-999\" srcset=\"https:\/\/mearbhall.de\/wp-content\/uploads\/2024\/03\/20240316_Mearbhall_Laemmerhirt_kaulen_blachucinski_irish_folk-witten_bommern_-1024x473.jpeg 1024w, https:\/\/mearbhall.de\/wp-content\/uploads\/2024\/03\/20240316_Mearbhall_Laemmerhirt_kaulen_blachucinski_irish_folk-witten_bommern_-300x139.jpeg 300w, https:\/\/mearbhall.de\/wp-content\/uploads\/2024\/03\/20240316_Mearbhall_Laemmerhirt_kaulen_blachucinski_irish_folk-witten_bommern_-768x355.jpeg 768w, https:\/\/mearbhall.de\/wp-content\/uploads\/2024\/03\/20240316_Mearbhall_Laemmerhirt_kaulen_blachucinski_irish_folk-witten_bommern_-600x277.jpeg 600w, https:\/\/mearbhall.de\/wp-content\/uploads\/2024\/03\/20240316_Mearbhall_Laemmerhirt_kaulen_blachucinski_irish_folk-witten_bommern_.jpeg 1181w\" sizes=\"auto, (max-width: 1024px) 100vw, 1024px\" \/><\/figure>\n\n\n<div class=\"wp-block-image\">\n<figure class=\"aligncenter size-full is-resized\"><img loading=\"lazy\" decoding=\"async\" width=\"709\" height=\"1002\" src=\"https:\/\/mearbhall.de\/wp-content\/uploads\/2024\/03\/Mearbhall-Plakat_St_Patricks_Day_2024_Witten_Bommern-2.jpeg\" alt=\"Ingo, Veronique, Jochen und Andreas stehen vor dem CD Cover ihrer Irish Folk Band Mearbhall. Konzertank\u00fcndigung f\u00fcr den 16.03.24, Evangelische Gemeinde Bommern, BonB Bomm, Beginn 19:30 Uhr. Abendkasse 15 \u20ac\" class=\"wp-image-989\" style=\"width:245px;height:auto\" srcset=\"https:\/\/mearbhall.de\/wp-content\/uploads\/2024\/03\/Mearbhall-Plakat_St_Patricks_Day_2024_Witten_Bommern-2.jpeg 709w, https:\/\/mearbhall.de\/wp-content\/uploads\/2024\/03\/Mearbhall-Plakat_St_Patricks_Day_2024_Witten_Bommern-2-212x300.jpeg 212w, https:\/\/mearbhall.de\/wp-content\/uploads\/2024\/03\/Mearbhall-Plakat_St_Patricks_Day_2024_Witten_Bommern-2-600x848.jpeg 600w\" sizes=\"auto, (max-width: 709px) 100vw, 709px\" \/><\/figure>\n<\/div>\n\n\n<p><strong><mark><strong><mark><span class=\"tadv-background-color\" style=\"background-color:#7bdcb5\"><span style=\"text-decoration: underline;\">|    02 .<\/span><\/span><span class=\"tadv-background-color\" style=\"background-color:#ffffff\"><span style=\"text-decoration: underline;\">  03 .  <\/span><\/span><span class=\"tadv-background-color\" style=\"background-color:#fcb900\"><span style=\"text-decoration: underline;\">2024<\/span><\/span><\/mark><\/strong>  <\/mark><\/strong><mark><strong>Bonn<\/strong><\/mark>, James Joyce, Irish Pub, Mauspfad 6<\/p>\n\n\n\n<p><strong><mark><strong><mark><span class=\"tadv-background-color\" style=\"background-color:#7bdcb5\"><span style=\"text-decoration: underline;\">|    17 .<\/span><\/span><span class=\"tadv-background-color\" style=\"background-color:#ffffff\"><span style=\"text-decoration: underline;\">  02 .  <\/span><\/span><span class=\"tadv-background-color\" style=\"background-color:#fcb900\"><span style=\"text-decoration: underline;\">2024<\/span><\/span><\/mark><\/strong> Bonn <\/mark><\/strong>, privat<\/p>\n\n\n<div class=\"wp-block-image\">\n<figure class=\"aligncenter size-full\"><img loading=\"lazy\" decoding=\"async\" width=\"567\" height=\"471\" src=\"https:\/\/mearbhall.de\/wp-content\/uploads\/2024\/03\/Mearbhall_Band-Bonn-2024.jpg\" alt=\"\" class=\"wp-image-993\" srcset=\"https:\/\/mearbhall.de\/wp-content\/uploads\/2024\/03\/Mearbhall_Band-Bonn-2024.jpg 567w, https:\/\/mearbhall.de\/wp-content\/uploads\/2024\/03\/Mearbhall_Band-Bonn-2024-300x249.jpg 300w\" sizes=\"auto, (max-width: 567px) 100vw, 567px\" \/><\/figure>\n<\/div>\n\n\n<p class=\"has-text-align-left has-white-background-color has-background\"><strong><mark><strong><mark><span class=\"tadv-background-color\" style=\"background-color:#7bdcb5\"><span style=\"text-decoration: underline;\">|    04 .<\/span><\/span><span class=\"tadv-background-color\" style=\"background-color:#ffffff\"><span style=\"text-decoration: underline;\">  02 .  <\/span><\/span><span class=\"tadv-background-color\" style=\"background-color:#fcb900\"><span style=\"text-decoration: underline;\">2024<\/span><\/span><\/mark><\/strong>  <\/mark><\/strong><mark><strong>Witzhelden (Leichlingen)<\/strong><\/mark>, Irischer Fr\u00fchshoppen im &#8222;Plan B&#8220;<\/p>\n\n\n\n<figure class=\"wp-block-image size-large\"><img loading=\"lazy\" decoding=\"async\" width=\"1024\" height=\"768\" src=\"https:\/\/mearbhall.de\/wp-content\/uploads\/2024\/02\/2024_Mearbhall_Witzhelden_Coll-smll-1-1024x768.jpeg\" alt=\"\" class=\"wp-image-974\" srcset=\"https:\/\/mearbhall.de\/wp-content\/uploads\/2024\/02\/2024_Mearbhall_Witzhelden_Coll-smll-1-1024x768.jpeg 1024w, https:\/\/mearbhall.de\/wp-content\/uploads\/2024\/02\/2024_Mearbhall_Witzhelden_Coll-smll-1-300x225.jpeg 300w, https:\/\/mearbhall.de\/wp-content\/uploads\/2024\/02\/2024_Mearbhall_Witzhelden_Coll-smll-1-768x576.jpeg 768w, https:\/\/mearbhall.de\/wp-content\/uploads\/2024\/02\/2024_Mearbhall_Witzhelden_Coll-smll-1-1536x1151.jpeg 1536w, https:\/\/mearbhall.de\/wp-content\/uploads\/2024\/02\/2024_Mearbhall_Witzhelden_Coll-smll-1-1320x989.jpeg 1320w, https:\/\/mearbhall.de\/wp-content\/uploads\/2024\/02\/2024_Mearbhall_Witzhelden_Coll-smll-1-600x450.jpeg 600w, https:\/\/mearbhall.de\/wp-content\/uploads\/2024\/02\/2024_Mearbhall_Witzhelden_Coll-smll-1.jpeg 1969w\" sizes=\"auto, (max-width: 1024px) 100vw, 1024px\" \/><\/figure>\n\n\n\n<p><strong><mark><span class=\"tadv-background-color\" style=\"background-color:#7bdcb5\"><span style=\"text-decoration: underline;\">|    07 .<\/span><\/span><span class=\"tadv-background-color\" style=\"background-color:#ffffff\"><span style=\"text-decoration: underline;\">  12 . <\/span><\/span><span class=\"tadv-background-color\" style=\"background-color:#fcb900\"><span style=\"text-decoration: underline;\">2023<\/span><\/span><\/mark> <\/strong><mark><strong>Remscheid<\/strong><\/mark>,   <a href=\"https:\/\/greengoose.pub\/\" target=\"_blank\" rel=\"noreferrer noopener\">Green Goose Pub<\/a><\/p>\n\n\n\n<p><strong><mark><span class=\"tadv-background-color\" style=\"background-color:#7bdcb5\"><span style=\"text-decoration: underline;\">|   18 .<\/span><\/span><span class=\"tadv-background-color\" style=\"background-color:#ffffff\"><span style=\"text-decoration: underline;\">  11 . <\/span><\/span><span class=\"tadv-background-color\" style=\"background-color:#fcb900\"><span style=\"text-decoration: underline;\">2023<\/span><\/span><\/mark> <\/strong><mark><strong>Wuppertal<\/strong><\/mark>, Spunk. Flensburger Str. 38, Elberfeld-Ostersbaum<\/p>\n\n\n\n<figure class=\"wp-block-image size-full is-resized\"><img loading=\"lazy\" decoding=\"async\" width=\"850\" height=\"574\" src=\"https:\/\/mearbhall.de\/wp-content\/uploads\/2023\/11\/Spunk-18.11.2023-Mearbhall-Laemmerhirt-Kaulen-Blachucinski-1.png\" alt=\"Spunk 18.11.2023 Mearbhall La\u0308mmerhirt, Kaulen, Blachucinski, Irish Folk auf der B\u00fchne\" class=\"wp-image-939\" style=\"width:840px;height:auto\" srcset=\"https:\/\/mearbhall.de\/wp-content\/uploads\/2023\/11\/Spunk-18.11.2023-Mearbhall-Laemmerhirt-Kaulen-Blachucinski-1.png 850w, https:\/\/mearbhall.de\/wp-content\/uploads\/2023\/11\/Spunk-18.11.2023-Mearbhall-Laemmerhirt-Kaulen-Blachucinski-1-300x203.png 300w, https:\/\/mearbhall.de\/wp-content\/uploads\/2023\/11\/Spunk-18.11.2023-Mearbhall-Laemmerhirt-Kaulen-Blachucinski-1-768x519.png 768w, https:\/\/mearbhall.de\/wp-content\/uploads\/2023\/11\/Spunk-18.11.2023-Mearbhall-Laemmerhirt-Kaulen-Blachucinski-1-600x405.png 600w\" sizes=\"auto, (max-width: 850px) 100vw, 850px\" \/><figcaption class=\"wp-element-caption\">Leider mussten wieder einige drau\u00dfen bleiben, weil es zu voll war. Dennoch haben wir dann gemeinsam bis in den sp\u00e4ten Abend gefeiert und gesungen. <br>Sicher gibt es ein Wiedersehen zum 30. Spunk-Geburtstag \ud83d\ude09<\/figcaption><\/figure>\n\n\n\n<p><strong><mark><span class=\"tadv-background-color\" style=\"background-color:#7bdcb5\"><span style=\"text-decoration: underline;\">|    20 .<\/span><\/span><span class=\"tadv-background-color\" style=\"background-color:#ffffff\"><span style=\"text-decoration: underline;\">  08 . <\/span><\/span><span class=\"tadv-background-color\" style=\"background-color:#fcb900\"><span style=\"text-decoration: underline;\">2023<\/span><\/span><\/mark> <\/strong><mark><strong>Solingen<\/strong><\/mark>,  Zeltfest Gr\u00e4frath, nach der K\u00f6nigskr\u00f6nung des Hahnek\u00f6ppenvereins im gro\u00dfen Festzelt. Geige runtergefallen, Griffbrett ab: Irritation? &#8211; Klebeband! =  Doppelte Folk-Energie \ud83d\ude42<\/p>\n\n\n\n<p><strong><mark><span class=\"tadv-background-color\" style=\"background-color:#7bdcb5\"><span style=\"text-decoration: underline;\">|    03 .<\/span><\/span><span class=\"tadv-background-color\" style=\"background-color:#ffffff\"><span style=\"text-decoration: underline;\">  08 . <\/span><\/span><span class=\"tadv-background-color\" style=\"background-color:#fcb900\"><span style=\"text-decoration: underline;\">2023<\/span><\/span><\/mark> <\/strong><mark><strong>Remscheid<\/strong><\/mark>,  <a rel=\"noreferrer noopener\" href=\"https:\/\/greengoose.pub\/\" target=\"_blank\">Green Goose Pub<\/a>, Theodor-Heuss-Platz 9, 42853 Remscheid<\/p>\n\n\n\n<figure class=\"wp-block-image size-full\"><img loading=\"lazy\" decoding=\"async\" width=\"850\" height=\"526\" src=\"https:\/\/mearbhall.de\/wp-content\/uploads\/2023\/08\/Mearbhall-im-Green-Goose-Pub-Remscheid-2023.png\" alt=\"Irish Folk mit Mearbhall im Green Goose Pub, Remscheid 2023\" class=\"wp-image-928\" srcset=\"https:\/\/mearbhall.de\/wp-content\/uploads\/2023\/08\/Mearbhall-im-Green-Goose-Pub-Remscheid-2023.png 850w, https:\/\/mearbhall.de\/wp-content\/uploads\/2023\/08\/Mearbhall-im-Green-Goose-Pub-Remscheid-2023-300x186.png 300w, https:\/\/mearbhall.de\/wp-content\/uploads\/2023\/08\/Mearbhall-im-Green-Goose-Pub-Remscheid-2023-768x475.png 768w, https:\/\/mearbhall.de\/wp-content\/uploads\/2023\/08\/Mearbhall-im-Green-Goose-Pub-Remscheid-2023-600x371.png 600w\" sizes=\"auto, (max-width: 850px) 100vw, 850px\" \/><figcaption class=\"wp-element-caption\">Andreas, Ingo, Jochen und Veronique. <br>Kurz-Kommentar auf Facbook von Klaus A.: &#8222;Kann man nur empfehlen.&#8220;<\/figcaption><\/figure>\n\n\n\n<p><strong><mark><span class=\"tadv-background-color\" style=\"background-color:#7bdcb5\"><span style=\"text-decoration: underline;\">|    03 .<\/span><\/span><span class=\"tadv-background-color\" style=\"background-color:#ffffff\"><span style=\"text-decoration: underline;\">  06 . <\/span><\/span><span class=\"tadv-background-color\" style=\"background-color:#fcb900\"><span style=\"text-decoration: underline;\">2023<\/span><\/span><\/mark> <mark>Krefeld<\/mark><\/strong>, Segelflughafen Biergarten \u201cGastronomie am Egelsberg\u201d, Krefeld, Open Air mit Flair<\/p>\n\n\n\n<p><strong><mark><span class=\"tadv-background-color\" style=\"background-color:#7bdcb5\"><span style=\"text-decoration: underline;\">|    15 .<\/span><\/span><span class=\"tadv-background-color\" style=\"background-color:#ffffff\"><span style=\"text-decoration: underline;\">  04 . <\/span><\/span><span class=\"tadv-background-color\" style=\"background-color:#fcb900\"><span style=\"text-decoration: underline;\">2023<\/span><\/span><\/mark> <\/strong><mark><strong>Ennigerloh-Westkirchen<\/strong><\/mark>, <strong> <\/strong><a rel=\"noreferrer noopener\" href=\"https:\/\/www.kleine-private-buehne.de\/\" target=\"_blank\">Kleine Private B\u00fchne<\/a> in der Scheune.<\/p>\n\n\n\n<figure class=\"wp-block-image size-large\"><img loading=\"lazy\" decoding=\"async\" width=\"1024\" height=\"727\" src=\"https:\/\/mearbhall.de\/wp-content\/uploads\/2023\/04\/Mearbhall-Band-Collage-Irish-Folk-and-More-Ennigerloh-2023-1024x727.jpg\" alt=\"Schwarz Wei\u00df Fotos vom Auftritt der Band Mearbhall. Fotos von Lothar Hertwig 15.04.2023 Ennigerloh (Westkirchen)\" class=\"wp-image-893\" srcset=\"https:\/\/mearbhall.de\/wp-content\/uploads\/2023\/04\/Mearbhall-Band-Collage-Irish-Folk-and-More-Ennigerloh-2023-1024x727.jpg 1024w, https:\/\/mearbhall.de\/wp-content\/uploads\/2023\/04\/Mearbhall-Band-Collage-Irish-Folk-and-More-Ennigerloh-2023-300x213.jpg 300w, https:\/\/mearbhall.de\/wp-content\/uploads\/2023\/04\/Mearbhall-Band-Collage-Irish-Folk-and-More-Ennigerloh-2023-768x545.jpg 768w, https:\/\/mearbhall.de\/wp-content\/uploads\/2023\/04\/Mearbhall-Band-Collage-Irish-Folk-and-More-Ennigerloh-2023-1536x1091.jpg 1536w, https:\/\/mearbhall.de\/wp-content\/uploads\/2023\/04\/Mearbhall-Band-Collage-Irish-Folk-and-More-Ennigerloh-2023-1320x937.jpg 1320w, https:\/\/mearbhall.de\/wp-content\/uploads\/2023\/04\/Mearbhall-Band-Collage-Irish-Folk-and-More-Ennigerloh-2023-600x426.jpg 600w, https:\/\/mearbhall.de\/wp-content\/uploads\/2023\/04\/Mearbhall-Band-Collage-Irish-Folk-and-More-Ennigerloh-2023.jpg 1635w\" sizes=\"auto, (max-width: 1024px) 100vw, 1024px\" \/><\/figure>\n\n\n\n<p>Ennigerloh im M\u00fcnsterland 2023. Kalte Luft, warme Herzen, kein Platz mehr frei, St\u00fchle weg und tanzen, eine Scheune voller Stimmung. Besucherin E.W.:&#8220;<em>Danke f\u00fcr die wunderbare Musik und euer wahnsinnig tolles K\u00f6nnen. Es war ein genialer Abend. DANKE.<\/em>&#8220; Karin H.: <em>&#8222;War einfach gro\u00dfartig.&#8220; <\/em>D. &amp; P.: &#8222;<em>Es war ein toller Abend mit mitrei\u00dfenden Songs und bester Stimmung. Wir kommen wieder.<\/em>&#8220; &#8211; Wir auch \ud83d\ude09 <br>[Collage aus Fotos von Lothar Hertwig]<\/p>\n\n\n\n<p><strong><mark><span class=\"tadv-background-color\" style=\"background-color:#7bdcb5\"><\/span><span class=\"tadv-background-color\" style=\"background-color:#7bdcb5\"><span style=\"text-decoration: underline;\">|    31 .<\/span><\/span><span class=\"tadv-background-color\" style=\"background-color:#ffffff\"><span style=\"text-decoration: underline;\">  03 . <\/span><\/span><span class=\"tadv-background-color\" style=\"background-color:#fcb900\"><span style=\"text-decoration: underline;\">2023<\/span><\/span><\/mark> <\/strong><mark><strong>Dortmund<\/strong><\/mark>, 20 Uhr Haus Rode, volles Haus, beste Laune, sch\u00f6ner Abend.<\/p>\n\n\n\n<figure class=\"wp-block-image size-large\"><img loading=\"lazy\" decoding=\"async\" width=\"1024\" height=\"376\" src=\"https:\/\/mearbhall.de\/wp-content\/uploads\/2023\/04\/Dortmund-2023-Mearbhall-Irish-Folk-Haus-Rode-1024x376.jpg\" alt=\"\" class=\"wp-image-910\" srcset=\"https:\/\/mearbhall.de\/wp-content\/uploads\/2023\/04\/Dortmund-2023-Mearbhall-Irish-Folk-Haus-Rode-1024x376.jpg 1024w, https:\/\/mearbhall.de\/wp-content\/uploads\/2023\/04\/Dortmund-2023-Mearbhall-Irish-Folk-Haus-Rode-300x110.jpg 300w, https:\/\/mearbhall.de\/wp-content\/uploads\/2023\/04\/Dortmund-2023-Mearbhall-Irish-Folk-Haus-Rode-768x282.jpg 768w, https:\/\/mearbhall.de\/wp-content\/uploads\/2023\/04\/Dortmund-2023-Mearbhall-Irish-Folk-Haus-Rode-1536x564.jpg 1536w, https:\/\/mearbhall.de\/wp-content\/uploads\/2023\/04\/Dortmund-2023-Mearbhall-Irish-Folk-Haus-Rode-1320x485.jpg 1320w, https:\/\/mearbhall.de\/wp-content\/uploads\/2023\/04\/Dortmund-2023-Mearbhall-Irish-Folk-Haus-Rode-600x220.jpg 600w, https:\/\/mearbhall.de\/wp-content\/uploads\/2023\/04\/Dortmund-2023-Mearbhall-Irish-Folk-Haus-Rode.jpg 2048w\" sizes=\"auto, (max-width: 1024px) 100vw, 1024px\" \/><\/figure>\n\n\n\n<p><strong><mark><span class=\"tadv-background-color\" style=\"background-color:#7bdcb5\"><span style=\"text-decoration: underline;\">|    18 .<\/span><\/span><span class=\"tadv-background-color\" style=\"background-color:#ffffff\"><span style=\"text-decoration: underline;\">  03 . <\/span><\/span><span class=\"tadv-background-color\" style=\"background-color:#fcb900\"><span style=\"text-decoration: underline;\">2023<\/span><\/span><\/mark> <\/strong><mark><strong>Witten<\/strong><\/mark>, 19:30 Uhr, <mark>ST. PATRICK&#8217;S DAY!!! Teil II.<\/mark>  Ev. Kirche Witten-Bommern<\/p>\n\n\n\n<figure class=\"wp-block-image size-large\"><img loading=\"lazy\" decoding=\"async\" width=\"1024\" height=\"540\" src=\"https:\/\/mearbhall.de\/wp-content\/uploads\/2023\/03\/20230318_195935Tanz_in_Witten_Bommern_mit_mearbhall-1024x540.jpg\" alt=\"Vor dem Altar\/ B\u00fchnenraum stehen Konzertbesucherinnen in einer Reihe und tanzen zur Musik von Mearbhall.\" class=\"wp-image-888\" srcset=\"https:\/\/mearbhall.de\/wp-content\/uploads\/2023\/03\/20230318_195935Tanz_in_Witten_Bommern_mit_mearbhall-1024x540.jpg 1024w, https:\/\/mearbhall.de\/wp-content\/uploads\/2023\/03\/20230318_195935Tanz_in_Witten_Bommern_mit_mearbhall-300x158.jpg 300w, https:\/\/mearbhall.de\/wp-content\/uploads\/2023\/03\/20230318_195935Tanz_in_Witten_Bommern_mit_mearbhall-768x405.jpg 768w, https:\/\/mearbhall.de\/wp-content\/uploads\/2023\/03\/20230318_195935Tanz_in_Witten_Bommern_mit_mearbhall-760x400.jpg 760w, https:\/\/mearbhall.de\/wp-content\/uploads\/2023\/03\/20230318_195935Tanz_in_Witten_Bommern_mit_mearbhall-600x316.jpg 600w, https:\/\/mearbhall.de\/wp-content\/uploads\/2023\/03\/20230318_195935Tanz_in_Witten_Bommern_mit_mearbhall.jpg 1134w\" sizes=\"auto, (max-width: 1024px) 100vw, 1024px\" \/><figcaption class=\"wp-element-caption\">Witten-Bommern zum St. Patrick&#8217;s Day Wochenende 2023. Es kamen fast doppelt so viele Zuschauer wie geplant und wir hatten einen wunderbaren, emotionalen Abend. 2024 kommen wir wieder!<\/figcaption><\/figure>\n\n\n\n<p><strong><mark><strong><mark><span class=\"tadv-background-color\" style=\"background-color:#7bdcb5\"><span style=\"text-decoration: underline;\">|    17 .<\/span><\/span><span class=\"tadv-background-color\" style=\"background-color:#ffffff\"><span style=\"text-decoration: underline;\">  03 . <\/span><\/span><span class=\"tadv-background-color\" style=\"background-color:#fcb900\"><span style=\"text-decoration: underline;\">2023<\/span><\/span><\/mark><\/strong><\/mark> <\/strong><mark><strong>Haan<\/strong><\/mark>,  <mark>ST. PATRICK&#8217;S DAY!!! Teil I<\/mark>. Im Brauhaus zum Dom<\/p>\n\n\n\n<figure class=\"wp-block-image size-large\"><img loading=\"lazy\" decoding=\"async\" width=\"1024\" height=\"472\" src=\"https:\/\/mearbhall.de\/wp-content\/uploads\/2023\/03\/IMG_20230317_200033-1-1024x472.jpg\" alt=\"St. Patricksday Atmosph\u00e4re in dem Restaurant Zum Dom in Haan. Gr\u00fcnes Licht, Menschen die sich unterhalten.\" class=\"wp-image-882\" srcset=\"https:\/\/mearbhall.de\/wp-content\/uploads\/2023\/03\/IMG_20230317_200033-1-1024x472.jpg 1024w, https:\/\/mearbhall.de\/wp-content\/uploads\/2023\/03\/IMG_20230317_200033-1-300x138.jpg 300w, https:\/\/mearbhall.de\/wp-content\/uploads\/2023\/03\/IMG_20230317_200033-1-768x354.jpg 768w, https:\/\/mearbhall.de\/wp-content\/uploads\/2023\/03\/IMG_20230317_200033-1-1536x707.jpg 1536w, https:\/\/mearbhall.de\/wp-content\/uploads\/2023\/03\/IMG_20230317_200033-1-2048x943.jpg 2048w, https:\/\/mearbhall.de\/wp-content\/uploads\/2023\/03\/IMG_20230317_200033-1-1320x608.jpg 1320w, https:\/\/mearbhall.de\/wp-content\/uploads\/2023\/03\/IMG_20230317_200033-1-600x276.jpg 600w\" sizes=\"auto, (max-width: 1024px) 100vw, 1024px\" \/><figcaption class=\"wp-element-caption\">Haan &#8211; Brauhaus zum Dom 2023<br>Heimelig, gesangsfreudig &#8211; Stimmung bis in die Nacht, Reservierung ausgebucht 4 Wochen vorher<\/figcaption><\/figure>\n\n\n\n<p><strong><mark><span class=\"tadv-background-color\" style=\"background-color:#7bdcb5\"><span style=\"text-decoration: underline;\">|    10 .<\/span><\/span><span class=\"tadv-background-color\" style=\"background-color:#ffffff\"><span style=\"text-decoration: underline;\">  02 . <\/span><\/span><span class=\"tadv-background-color\" style=\"background-color:#fcb900\"><span style=\"text-decoration: underline;\">2023<\/span><\/span><\/mark> <mark>Velbert<\/mark><\/strong>, Auftritt im Rahmen des Kleinkunst- und Musikschulabends &#8222;Nachsitzen&#8220; in der GE Velbert-Neviges <\/p>\n\n\n\n<p><br><strong><mark><span class=\"tadv-background-color\" style=\"background-color:#7bdcb5\"><span style=\"text-decoration: underline;\">|    19 .<\/span><\/span><span class=\"tadv-background-color\" style=\"background-color:#ffffff\"><span style=\"text-decoration: underline;\">  11 . <\/span><\/span><span class=\"tadv-background-color\" style=\"background-color:#fcb900\"><span style=\"text-decoration: underline;\">2022<\/span><\/span><\/mark><\/strong> <strong><mark>Wuppertal<\/mark><\/strong>, <a rel=\"noreferrer noopener\" href=\"https:\/\/www.spunk-wuppertal.de\/\" target=\"_blank\">Spunk<\/a>, Elberfeld-Ostersbaum\/ Nordstadt<\/p>\n\n\n\n<figure class=\"wp-block-image size-large\"><img loading=\"lazy\" decoding=\"async\" width=\"1024\" height=\"581\" src=\"https:\/\/mearbhall.de\/wp-content\/uploads\/2023\/03\/Wuppertal-2022-Spunk-Mearbhall-1024x581.jpeg\" alt=\"Alle Tische voller G\u00e4ste, auf der B\u00fchne stehen Geige, Banjo, drei Gitarren, Akkordeon und die Bodhran bereit. Die Uhr an der Wand zeigt 19:05 Uhr. Um 20 Uhr geht es los.\" class=\"wp-image-881\" srcset=\"https:\/\/mearbhall.de\/wp-content\/uploads\/2023\/03\/Wuppertal-2022-Spunk-Mearbhall-1024x581.jpeg 1024w, https:\/\/mearbhall.de\/wp-content\/uploads\/2023\/03\/Wuppertal-2022-Spunk-Mearbhall-300x170.jpeg 300w, https:\/\/mearbhall.de\/wp-content\/uploads\/2023\/03\/Wuppertal-2022-Spunk-Mearbhall-768x435.jpeg 768w, https:\/\/mearbhall.de\/wp-content\/uploads\/2023\/03\/Wuppertal-2022-Spunk-Mearbhall-600x340.jpeg 600w, https:\/\/mearbhall.de\/wp-content\/uploads\/2023\/03\/Wuppertal-2022-Spunk-Mearbhall.jpeg 1134w\" sizes=\"auto, (max-width: 1024px) 100vw, 1024px\" \/><figcaption class=\"wp-element-caption\"><strong>Lange vor Konzertbeginn wurde das Spunk wegen \u00dcberf\u00fcllung geschlossen.<\/strong> <br>Ich hoffe wir sehen uns beim n\u00e4chsten Mal. Allen die mit uns gesungen und gefeiert haben: Danke an euch, danke Spunk!<\/figcaption><\/figure>\n\n\n\n<p><strong><mark><span style=\"background-color:#7bdcb5\" class=\"tadv-background-color\"><span style=\"text-decoration: underline;\">|    28 .<\/span><\/span><span style=\"background-color:#ffffff\" class=\"tadv-background-color\"><span style=\"text-decoration: underline;\">  10 . <\/span><\/span><span style=\"background-color:#fcb900\" class=\"tadv-background-color\"><span style=\"text-decoration: underline;\">2022<\/span><\/span><\/mark> <mark>Solingen<\/mark><\/strong>, &#8222;Gr\u00e4frath Abend&#8220;<\/p>\n\n\n\n<figure class=\"wp-block-image size-large\"><img loading=\"lazy\" decoding=\"async\" width=\"1024\" height=\"214\" src=\"https:\/\/mearbhall.de\/wp-content\/uploads\/2022\/11\/Mearbhall-Kaulen-Laemmerhirt-Blachucinski-Irish-Folk-and-More-in-Solingen-Graefrath-1024x214.png\" alt=\"\" class=\"wp-image-838\" srcset=\"https:\/\/mearbhall.de\/wp-content\/uploads\/2022\/11\/Mearbhall-Kaulen-Laemmerhirt-Blachucinski-Irish-Folk-and-More-in-Solingen-Graefrath-1024x214.png 1024w, https:\/\/mearbhall.de\/wp-content\/uploads\/2022\/11\/Mearbhall-Kaulen-Laemmerhirt-Blachucinski-Irish-Folk-and-More-in-Solingen-Graefrath-300x63.png 300w, https:\/\/mearbhall.de\/wp-content\/uploads\/2022\/11\/Mearbhall-Kaulen-Laemmerhirt-Blachucinski-Irish-Folk-and-More-in-Solingen-Graefrath-768x161.png 768w, https:\/\/mearbhall.de\/wp-content\/uploads\/2022\/11\/Mearbhall-Kaulen-Laemmerhirt-Blachucinski-Irish-Folk-and-More-in-Solingen-Graefrath-600x125.png 600w, https:\/\/mearbhall.de\/wp-content\/uploads\/2022\/11\/Mearbhall-Kaulen-Laemmerhirt-Blachucinski-Irish-Folk-and-More-in-Solingen-Graefrath.png 1181w\" sizes=\"auto, (max-width: 1024px) 100vw, 1024px\" \/><figcaption class=\"wp-element-caption\">Gr\u00e4frath-Abend 2022 in Solingen<\/figcaption><\/figure>\n\n\n\n<p><strong>15.10.2022 20 Uhr, <a rel=\"noreferrer noopener\" href=\"http:\/\/www.dschungel-club.com\/\" target=\"_blank\">D<\/a><\/strong><a rel=\"noreferrer noopener\" href=\"http:\/\/www.dschungel-club.com\/\" target=\"_blank\">schungel-Club<\/a>, Moers<\/p>\n\n\n\n<p><strong>25.06.2022<\/strong> 20 Uhr, <a href=\"https:\/\/quitte-ittertal.de\/\" target=\"_blank\" rel=\"noreferrer noopener\">Quitte<\/a>, Solingen, privat<\/p>\n\n\n\n<p><strong>25.03.2022 20 Uhr, <a rel=\"noreferrer noopener\" href=\"http:\/\/www.dschungel-club.com\/\" target=\"_blank\">D<\/a><\/strong><a rel=\"noreferrer noopener\" href=\"http:\/\/www.dschungel-club.com\/\" target=\"_blank\">schungel-Club<\/a>, Moers<\/p>\n\n\n\n<figure class=\"wp-block-image size-large\"><img loading=\"lazy\" decoding=\"async\" width=\"1024\" height=\"517\" src=\"https:\/\/mearbhall.de\/wp-content\/uploads\/2022\/03\/Merabhall-Moers-2022-mit-Ticket-Abschluss-Szene-1024x517.png\" alt=\"\" class=\"wp-image-744\" srcset=\"https:\/\/mearbhall.de\/wp-content\/uploads\/2022\/03\/Merabhall-Moers-2022-mit-Ticket-Abschluss-Szene-1024x517.png 1024w, https:\/\/mearbhall.de\/wp-content\/uploads\/2022\/03\/Merabhall-Moers-2022-mit-Ticket-Abschluss-Szene-300x151.png 300w, https:\/\/mearbhall.de\/wp-content\/uploads\/2022\/03\/Merabhall-Moers-2022-mit-Ticket-Abschluss-Szene-768x388.png 768w, https:\/\/mearbhall.de\/wp-content\/uploads\/2022\/03\/Merabhall-Moers-2022-mit-Ticket-Abschluss-Szene-1536x776.png 1536w, https:\/\/mearbhall.de\/wp-content\/uploads\/2022\/03\/Merabhall-Moers-2022-mit-Ticket-Abschluss-Szene-2048x1034.png 2048w, https:\/\/mearbhall.de\/wp-content\/uploads\/2022\/03\/Merabhall-Moers-2022-mit-Ticket-Abschluss-Szene-1320x667.png 1320w, https:\/\/mearbhall.de\/wp-content\/uploads\/2022\/03\/Merabhall-Moers-2022-mit-Ticket-Abschluss-Szene-600x303.png 600w\" sizes=\"auto, (max-width: 1024px) 100vw, 1024px\" \/><figcaption class=\"wp-element-caption\">Nach zweieinhalb sch\u00f6nen Stunden in Moers voller sch\u00f6ner Eindr\u00fccke gehe alle l\u00e4chelnd nach Hause.<\/figcaption><\/figure>\n\n\n\n<p><strong>05.03.2022<\/strong> 20 Uhr, Warendorf-Freckenhorst, Alter Westfale, privat<\/p>\n\n\n\n<p><strong>21.08.2021 20 Uhr **Zusatzkonzert <a rel=\"noreferrer noopener\" href=\"http:\/\/www.dschungel-club.com\/\" target=\"_blank\">D<\/a><\/strong><a rel=\"noreferrer noopener\" href=\"http:\/\/www.dschungel-club.com\/\" target=\"_blank\">schungel-Club<\/a>, Moers<\/p>\n\n\n\n<figure class=\"wp-block-embed is-type-video is-provider-youtube wp-block-embed-youtube wp-embed-aspect-16-9 wp-has-aspect-ratio\"><div class=\"wp-block-embed__wrapper\">\n<iframe loading=\"lazy\" title=\"Ablasstanz live von Mearbhall in Moers als Zugabe - Irish Folk &amp; More\" width=\"1200\" height=\"675\" src=\"https:\/\/www.youtube.com\/embed\/pCCKt-TfEz4?feature=oembed\" frameborder=\"0\" allow=\"accelerometer; autoplay; clipboard-write; encrypted-media; gyroscope; picture-in-picture; web-share\" referrerpolicy=\"strict-origin-when-cross-origin\" allowfullscreen><\/iframe>\n<\/div><\/figure>\n\n\n\n<p><strong>10.07.2021 20 Uhr <a rel=\"noreferrer noopener\" href=\"http:\/\/www.dschungel-club.com\/\" target=\"_blank\">D<\/a><\/strong><a rel=\"noreferrer noopener\" href=\"http:\/\/www.dschungel-club.com\/\" target=\"_blank\">schungel-Club<\/a>,  Moers<br>Ihr seid GROSSARTIG &#8211; !!! Es war ausgebucht und wir hatten einen tollen Abend!<br><\/p>\n\n\n\n<figure class=\"wp-block-image size-large\"><img loading=\"lazy\" decoding=\"async\" width=\"1024\" height=\"638\" src=\"https:\/\/mearbhall.de\/wp-content\/uploads\/2022\/03\/Mearbhall-Live-Veronique-und-Jochen-2021-1024x638.jpg\" alt=\"\" class=\"wp-image-745\" srcset=\"https:\/\/mearbhall.de\/wp-content\/uploads\/2022\/03\/Mearbhall-Live-Veronique-und-Jochen-2021-1024x638.jpg 1024w, https:\/\/mearbhall.de\/wp-content\/uploads\/2022\/03\/Mearbhall-Live-Veronique-und-Jochen-2021-300x187.jpg 300w, https:\/\/mearbhall.de\/wp-content\/uploads\/2022\/03\/Mearbhall-Live-Veronique-und-Jochen-2021-768x478.jpg 768w, https:\/\/mearbhall.de\/wp-content\/uploads\/2022\/03\/Mearbhall-Live-Veronique-und-Jochen-2021-600x374.jpg 600w, https:\/\/mearbhall.de\/wp-content\/uploads\/2022\/03\/Mearbhall-Live-Veronique-und-Jochen-2021.jpg 1260w\" sizes=\"auto, (max-width: 1024px) 100vw, 1024px\" \/><figcaption class=\"wp-element-caption\">Moers 2021 mit Veronique und Jochen<\/figcaption><\/figure>\n\n\n\n<p><strong>03.07.2021 19.30 Uhr <a rel=\"noreferrer noopener\" href=\"https:\/\/www.kleine-private-buehne.de\/\" target=\"_blank\">Kleine Private B\u00fchne<\/a>, Ennigerloh-Westkirchen<\/strong>, Opener: Werner Silberberg.<\/p>\n\n\n\n<figure class=\"wp-block-image size-large\"><img loading=\"lazy\" decoding=\"async\" width=\"1024\" height=\"682\" src=\"https:\/\/mearbhall.de\/wp-content\/uploads\/2021\/07\/Mearbhall-in-Ennigerloh-2021-1024x682.jpg\" alt=\"\" class=\"wp-image-674\" srcset=\"https:\/\/mearbhall.de\/wp-content\/uploads\/2021\/07\/Mearbhall-in-Ennigerloh-2021-1024x682.jpg 1024w, https:\/\/mearbhall.de\/wp-content\/uploads\/2021\/07\/Mearbhall-in-Ennigerloh-2021-600x400.jpg 600w, https:\/\/mearbhall.de\/wp-content\/uploads\/2021\/07\/Mearbhall-in-Ennigerloh-2021-300x200.jpg 300w, https:\/\/mearbhall.de\/wp-content\/uploads\/2021\/07\/Mearbhall-in-Ennigerloh-2021-768x512.jpg 768w, https:\/\/mearbhall.de\/wp-content\/uploads\/2021\/07\/Mearbhall-in-Ennigerloh-2021-1536x1024.jpg 1536w, https:\/\/mearbhall.de\/wp-content\/uploads\/2021\/07\/Mearbhall-in-Ennigerloh-2021-1320x880.jpg 1320w, https:\/\/mearbhall.de\/wp-content\/uploads\/2021\/07\/Mearbhall-in-Ennigerloh-2021.jpg 1772w\" sizes=\"auto, (max-width: 1024px) 100vw, 1024px\" \/><figcaption class=\"wp-element-caption\">Ennigerloh-Westkirchen 2021 &#8211; Singende und tanzende Zuschauer, Danke!<\/figcaption><\/figure>\n\n\n<p><strong data-rich-text-format-boundary=\"true\">29.04.2021 19 Uhr &#8211; Livestream Konzert<\/strong>, <strong><a href=\"https:\/\/bahnhof-gerresheim.de\/\" target=\"_blank\" rel=\"noreferrer noopener\">Alter Bahnhof Gerresheim<\/a><\/strong>, <strong>D\u00fcsseldorf<\/strong> <br data-rich-text-line-break=\"true\">&#8211; Streamlink: https:\/\/fb.me\/e\/1fSm5ZO5S &nbsp; Ein Bild gibt es hier, den Rest des Konzertes auf Facebook:<\/p>\n\n\n<figure class=\"wp-block-image size-large\"><img loading=\"lazy\" decoding=\"async\" width=\"1024\" height=\"501\" src=\"https:\/\/mearbhall.de\/wp-content\/uploads\/2021\/07\/Mearbhall-Du\u0308sseldorf-Irish-Folk-La\u0308mmerhirt-Kaulen-Blachucinski-auf-Facebook-Live-2021-1024x501.png\" alt=\"\" class=\"wp-image-677\" srcset=\"https:\/\/mearbhall.de\/wp-content\/uploads\/2021\/07\/Mearbhall-Du\u0308sseldorf-Irish-Folk-La\u0308mmerhirt-Kaulen-Blachucinski-auf-Facebook-Live-2021-1024x501.png 1024w, https:\/\/mearbhall.de\/wp-content\/uploads\/2021\/07\/Mearbhall-Du\u0308sseldorf-Irish-Folk-La\u0308mmerhirt-Kaulen-Blachucinski-auf-Facebook-Live-2021-600x293.png 600w, https:\/\/mearbhall.de\/wp-content\/uploads\/2021\/07\/Mearbhall-Du\u0308sseldorf-Irish-Folk-La\u0308mmerhirt-Kaulen-Blachucinski-auf-Facebook-Live-2021-300x147.png 300w, https:\/\/mearbhall.de\/wp-content\/uploads\/2021\/07\/Mearbhall-Du\u0308sseldorf-Irish-Folk-La\u0308mmerhirt-Kaulen-Blachucinski-auf-Facebook-Live-2021-768x376.png 768w, https:\/\/mearbhall.de\/wp-content\/uploads\/2021\/07\/Mearbhall-Du\u0308sseldorf-Irish-Folk-La\u0308mmerhirt-Kaulen-Blachucinski-auf-Facebook-Live-2021-1536x751.png 1536w, https:\/\/mearbhall.de\/wp-content\/uploads\/2021\/07\/Mearbhall-Du\u0308sseldorf-Irish-Folk-La\u0308mmerhirt-Kaulen-Blachucinski-auf-Facebook-Live-2021-1320x646.png 1320w, https:\/\/mearbhall.de\/wp-content\/uploads\/2021\/07\/Mearbhall-Du\u0308sseldorf-Irish-Folk-La\u0308mmerhirt-Kaulen-Blachucinski-auf-Facebook-Live-2021.png 1738w\" sizes=\"auto, (max-width: 1024px) 100vw, 1024px\" \/><figcaption class=\"wp-element-caption\">D\u00fcsseldorf Online &#8211; Strangest Concert ever! But: We had a lot of fun. THANKs for your Facebook-Comments!!!<\/figcaption><\/figure>\n\n\n\n<p>{Abgesagt: <s>24.04.2021<\/s> B\u00fcrgerhaus, Musiktage Wachtendonk}<br>{Abgesagt: <s>10.04.2021 <\/s><strong> <a rel=\"noreferrer noopener\" href=\"http:\/\/www.dschungel-club.com\/\" target=\"_blank\">D<\/a><\/strong><a rel=\"noreferrer noopener\" href=\"http:\/\/www.dschungel-club.com\/\" target=\"_blank\">schungel-Club<\/a>, Moers}<br>{Abgesagt: <s>06.12.2020<\/s> <a href=\"https:\/\/www.limericks-krefeld.de\/\">Limericks Irish Pub<\/a>, Krefeld} <br>{Abgesagt <s>05.12.2020<\/s> <a href=\"http:\/\/www.dschungel-club.com\/\">Dschungel-Club<\/a>, Moers}<br>{Abgesagt <s>21.11.2020<\/s> James Joyce Irish Pub, Bonn} <br><\/p>\n\n\n\n<p>27.09.20, 13 Uhr, Neptunes Beach, Freibadgastronomie, Krefeld <\/p>\n\n\n\n<figure class=\"wp-block-image size-large is-resized\"><img loading=\"lazy\" decoding=\"async\" width=\"567\" height=\"316\" src=\"https:\/\/mearbhall.de\/wp-content\/uploads\/2020\/10\/Irish-Folk-Mearbhall-Neptunes-Beach-2020-Andreas-Banjo.jpg\" alt=\"\" class=\"wp-image-477\" style=\"width:836px;height:466px\" srcset=\"https:\/\/mearbhall.de\/wp-content\/uploads\/2020\/10\/Irish-Folk-Mearbhall-Neptunes-Beach-2020-Andreas-Banjo.jpg 567w, https:\/\/mearbhall.de\/wp-content\/uploads\/2020\/10\/Irish-Folk-Mearbhall-Neptunes-Beach-2020-Andreas-Banjo-300x167.jpg 300w\" sizes=\"auto, (max-width: 567px) 100vw, 567px\" \/><figcaption class=\"wp-element-caption\">Andreas spielt sich warm am Neptunes Beach Krefeld<\/figcaption><\/figure>\n\n\n\n<p>12.09.20  19 Uhr, Segelflughafen Biergarten &#8222;Egelsberg&#8220;, Krefeld<\/p>\n\n\n\n<figure class=\"wp-block-image size-large is-resized\"><img loading=\"lazy\" decoding=\"async\" width=\"567\" height=\"425\" src=\"https:\/\/mearbhall.de\/wp-content\/uploads\/2020\/10\/Irish-Folk-Mearbhall-Collage-Egelsberg-Krefeld-2020.jpg\" alt=\"\" class=\"wp-image-475\" style=\"width:837px;height:627px\" srcset=\"https:\/\/mearbhall.de\/wp-content\/uploads\/2020\/10\/Irish-Folk-Mearbhall-Collage-Egelsberg-Krefeld-2020.jpg 567w, https:\/\/mearbhall.de\/wp-content\/uploads\/2020\/10\/Irish-Folk-Mearbhall-Collage-Egelsberg-Krefeld-2020-300x225.jpg 300w\" sizes=\"auto, (max-width: 567px) 100vw, 567px\" \/><figcaption class=\"wp-element-caption\">Zweiter Auftritt am Egelsberg 2020 &#8211; Konzert mit sch\u00f6nem Sonnenuntergang<\/figcaption><\/figure>\n\n\n\n<p><br>15.08.2020, 20 Uhr  <a href=\"http:\/\/www.dschungel-club.com\/\">Dschungel-Club<\/a>, Moers (hat stattgefunden)<\/p>\n\n\n\n<figure class=\"wp-block-image size-large is-resized\"><img loading=\"lazy\" decoding=\"async\" width=\"567\" height=\"296\" src=\"https:\/\/mearbhall.de\/wp-content\/uploads\/2020\/10\/Moers-Dschungel-Club-irish-Folk-mit-Mearbhall-8-2020.jpg\" alt=\"\" class=\"wp-image-472\" style=\"width:837px;height:437px\" srcset=\"https:\/\/mearbhall.de\/wp-content\/uploads\/2020\/10\/Moers-Dschungel-Club-irish-Folk-mit-Mearbhall-8-2020.jpg 567w, https:\/\/mearbhall.de\/wp-content\/uploads\/2020\/10\/Moers-Dschungel-Club-irish-Folk-mit-Mearbhall-8-2020-300x157.jpg 300w\" sizes=\"auto, (max-width: 567px) 100vw, 567px\" \/><figcaption class=\"wp-element-caption\">Einer der sch\u00f6nsten Abenden 2020 &#8211; Dschungel Club Moers<\/figcaption><\/figure>\n\n\n\n<p>11.07.20 Privat im Rockin Rooster Club, Haan, abgesagt <strong><a href=\"https:\/\/www.youtube.com\/watch?v=nS667O-Lxzw\">(Corona-Song)<\/a><\/strong><\/p>\n\n\n\n<p>04.07.20  19 Uhr, Segelflughafen Biergarten &#8222;Egelsberg&#8220;, Krefeld<\/p>\n\n\n\n<figure class=\"wp-block-image size-large\"><img loading=\"lazy\" decoding=\"async\" width=\"1024\" height=\"768\" src=\"https:\/\/mearbhall.de\/wp-content\/uploads\/2020\/08\/Mearbhall-Egelsberg-Juli-2020-smll.jpeg\" alt=\"\" class=\"wp-image-452\" srcset=\"https:\/\/mearbhall.de\/wp-content\/uploads\/2020\/08\/Mearbhall-Egelsberg-Juli-2020-smll.jpeg 1024w, https:\/\/mearbhall.de\/wp-content\/uploads\/2020\/08\/Mearbhall-Egelsberg-Juli-2020-smll-600x450.jpeg 600w, https:\/\/mearbhall.de\/wp-content\/uploads\/2020\/08\/Mearbhall-Egelsberg-Juli-2020-smll-300x225.jpeg 300w, https:\/\/mearbhall.de\/wp-content\/uploads\/2020\/08\/Mearbhall-Egelsberg-Juli-2020-smll-768x576.jpeg 768w\" sizes=\"auto, (max-width: 1024px) 100vw, 1024px\" \/><figcaption class=\"wp-element-caption\">Segelflughafen Egelsberg, Krefeld<\/figcaption><\/figure>\n\n\n\n<figure class=\"wp-block-image size-large\"><img loading=\"lazy\" decoding=\"async\" width=\"1024\" height=\"607\" src=\"https:\/\/mearbhall.de\/wp-content\/uploads\/2020\/06\/Mearbhall-Band-mit-Plakat-Egelsberg-Krefeld-1024x607.jpg\" alt=\"\" class=\"wp-image-434\" srcset=\"https:\/\/mearbhall.de\/wp-content\/uploads\/2020\/06\/Mearbhall-Band-mit-Plakat-Egelsberg-Krefeld-1024x607.jpg 1024w, https:\/\/mearbhall.de\/wp-content\/uploads\/2020\/06\/Mearbhall-Band-mit-Plakat-Egelsberg-Krefeld-600x356.jpg 600w, https:\/\/mearbhall.de\/wp-content\/uploads\/2020\/06\/Mearbhall-Band-mit-Plakat-Egelsberg-Krefeld-300x178.jpg 300w, https:\/\/mearbhall.de\/wp-content\/uploads\/2020\/06\/Mearbhall-Band-mit-Plakat-Egelsberg-Krefeld-768x455.jpg 768w, https:\/\/mearbhall.de\/wp-content\/uploads\/2020\/06\/Mearbhall-Band-mit-Plakat-Egelsberg-Krefeld.jpg 1240w\" sizes=\"auto, (max-width: 1024px) 100vw, 1024px\" \/><figcaption class=\"wp-element-caption\">Egelsberg Konzertank\u00fcndigung Juli 2020<\/figcaption><\/figure>\n\n\n\n<p><br><br><s>31.05.20  12 Uhr<\/s>, Irischer Fr\u00fchschoppen im <a href=\"http:\/\/www.pickverein.de\/\">Pickverein &#8222;Gr\u00fcne Eiche&#8220;<\/a>,   <br>     Wuppertal-Cronenberg, abgesagt <strong><a href=\"https:\/\/www.youtube.com\/watch?v=nS667O-Lxzw\">(Corona-Song)<\/a><\/strong><br><s>25.04.20   19 Uhr<\/s>, B\u00fcrgerhaus, Wachtendonk, abgesagt <strong><a href=\"https:\/\/www.youtube.com\/watch?v=nS667O-Lxzw\">(Corona-Song)<\/a><\/strong><br><s>07.04.20   20 Uhr<\/s>, <a href=\"https:\/\/www.limericks-krefeld.de\/\">Limericks Irish Pub<\/a>, Krefeld,  abgesagt <strong><a href=\"https:\/\/www.youtube.com\/watch?v=nS667O-Lxzw\">(Corona-Song)<\/a><\/strong><br><s>04.04.20 20 Uhr<\/s>, <a href=\"http:\/\/www.dschungel-club.com\/\">Dschungel-Club<\/a>, Moers, verschoben: 15.08.20 &amp; 5.12.20<br><s>21.03.20 20 Uhr<\/s>, Brauhaus zum Dom, Haan, abgesagt <strong><a href=\"https:\/\/www.youtube.com\/watch?v=nS667O-Lxzw\">(Corona-Song)<\/a><\/strong><\/p>\n\n\n\n<p>01.03.20  19 Uhr, Schottischer Tanzabend, <a href=\"http:\/\/www.kulturvilla.com\/\">Kulturvilla<\/a>,  Mettmann<\/p>\n\n\n\n<figure class=\"wp-block-image size-large is-style-default\"><img loading=\"lazy\" decoding=\"async\" width=\"1024\" height=\"395\" src=\"https:\/\/mearbhall.de\/wp-content\/uploads\/2020\/03\/Ingo-u-Vero-Mearbhall-Mettmann-1024x395.jpg\" alt=\"Ingo L\u00e4mmerhirt und Veronique L\u00e4mmerhirt mit Mearbhall beim Schottischen Tanzabend in der Kulturvilla Mettmann.\" class=\"wp-image-294\" srcset=\"https:\/\/mearbhall.de\/wp-content\/uploads\/2020\/03\/Ingo-u-Vero-Mearbhall-Mettmann-1024x395.jpg 1024w, https:\/\/mearbhall.de\/wp-content\/uploads\/2020\/03\/Ingo-u-Vero-Mearbhall-Mettmann-600x231.jpg 600w, https:\/\/mearbhall.de\/wp-content\/uploads\/2020\/03\/Ingo-u-Vero-Mearbhall-Mettmann-300x116.jpg 300w, https:\/\/mearbhall.de\/wp-content\/uploads\/2020\/03\/Ingo-u-Vero-Mearbhall-Mettmann-768x296.jpg 768w, https:\/\/mearbhall.de\/wp-content\/uploads\/2020\/03\/Ingo-u-Vero-Mearbhall-Mettmann-1536x592.jpg 1536w, https:\/\/mearbhall.de\/wp-content\/uploads\/2020\/03\/Ingo-u-Vero-Mearbhall-Mettmann.jpg 1702w\" sizes=\"auto, (max-width: 1024px) 100vw, 1024px\" \/><figcaption class=\"wp-element-caption\">Kulturvilla, Mettmann 2020<\/figcaption><\/figure>\n\n\n\n<p>08.02.20, 20 Uhr, <a href=\"https:\/\/wir-am-hoerder-neumarkt.de\/haus-rode\/\">Haus Rode<\/a>, Dortmund<br>   Leute, was war denn hier los? So viel Mitsingen und Tanzen war in einer Kneipe noch nie!! Danke Dortmund-H\u00f6rde! Das war ein gro\u00dfartiger Abend.<\/p>\n\n\n\n<figure class=\"wp-block-image size-large\"><img loading=\"lazy\" decoding=\"async\" width=\"1024\" height=\"342\" src=\"https:\/\/mearbhall.de\/wp-content\/uploads\/2020\/02\/Mearbhall-Dortmund-2020-1024x342.jpg\" alt=\"\" class=\"wp-image-285\" srcset=\"https:\/\/mearbhall.de\/wp-content\/uploads\/2020\/02\/Mearbhall-Dortmund-2020-1024x342.jpg 1024w, https:\/\/mearbhall.de\/wp-content\/uploads\/2020\/02\/Mearbhall-Dortmund-2020-scaled-600x200.jpg 600w, https:\/\/mearbhall.de\/wp-content\/uploads\/2020\/02\/Mearbhall-Dortmund-2020-300x100.jpg 300w, https:\/\/mearbhall.de\/wp-content\/uploads\/2020\/02\/Mearbhall-Dortmund-2020-768x257.jpg 768w, https:\/\/mearbhall.de\/wp-content\/uploads\/2020\/02\/Mearbhall-Dortmund-2020-1536x513.jpg 1536w, https:\/\/mearbhall.de\/wp-content\/uploads\/2020\/02\/Mearbhall-Dortmund-2020-2048x684.jpg 2048w\" sizes=\"auto, (max-width: 1024px) 100vw, 1024px\" \/><figcaption class=\"wp-element-caption\">Haus Rode, Dortmund 2020<\/figcaption><\/figure>\n\n\n\n<p>25.01.20,   James Joyce Irish Pub, Bonn<\/p>\n\n\n\n<figure class=\"wp-block-image size-large\"><img loading=\"lazy\" decoding=\"async\" width=\"1024\" height=\"690\" src=\"https:\/\/mearbhall.de\/wp-content\/uploads\/2020\/01\/Collage-Bonn-2020-Januar-1024x690.png\" alt=\"Collage aus drei Bildern. Die Band vor dem Mearbhall Banner auf der B\u00fchne im James Joyce Irish Pub Bonn. Rechts ein Bildeinschub auf der man die Musiker von der Seite sieht. Unten links Fans, die jublend die H\u00e4nde in die H\u00f6he recken. Hinter alle Bildern ein Bild in dem man die B\u00fchne von weitem sieht und die Musiker verteilt im Raum sind.\" class=\"wp-image-251\" srcset=\"https:\/\/mearbhall.de\/wp-content\/uploads\/2020\/01\/Collage-Bonn-2020-Januar-1024x690.png 1024w, https:\/\/mearbhall.de\/wp-content\/uploads\/2020\/01\/Collage-Bonn-2020-Januar-600x405.png 600w, https:\/\/mearbhall.de\/wp-content\/uploads\/2020\/01\/Collage-Bonn-2020-Januar-300x202.png 300w, https:\/\/mearbhall.de\/wp-content\/uploads\/2020\/01\/Collage-Bonn-2020-Januar-768x518.png 768w, https:\/\/mearbhall.de\/wp-content\/uploads\/2020\/01\/Collage-Bonn-2020-Januar.png 1102w\" sizes=\"auto, (max-width: 1024px) 100vw, 1024px\" \/><figcaption class=\"wp-element-caption\">James Joyce Irish Pub, Bonn 2020<\/figcaption><\/figure>\n\n\n\n<p>10.01.20, B\u00f6rsencaf\u00e9, Neuss (ausverkauft)<\/p>\n\n\n<div class=\"wp-block-image\">\n<figure class=\"aligncenter size-large\"><img loading=\"lazy\" decoding=\"async\" width=\"1024\" height=\"768\" src=\"https:\/\/mearbhall.de\/wp-content\/uploads\/2020\/01\/IMG-20200111-WA0026-1024x768.jpg\" alt=\"Andreas, Ingo, V\u00e9ronique und Jochen vor dem Tresen und Ihrem B\u00fchnenbanner &quot;mearbhall&quot; beim Auftritt im Boersencafe Neuss am 10.01.20\" class=\"wp-image-236\" srcset=\"https:\/\/mearbhall.de\/wp-content\/uploads\/2020\/01\/IMG-20200111-WA0026-1024x768.jpg 1024w, https:\/\/mearbhall.de\/wp-content\/uploads\/2020\/01\/IMG-20200111-WA0026-600x450.jpg 600w, https:\/\/mearbhall.de\/wp-content\/uploads\/2020\/01\/IMG-20200111-WA0026-300x225.jpg 300w, https:\/\/mearbhall.de\/wp-content\/uploads\/2020\/01\/IMG-20200111-WA0026-768x576.jpg 768w, https:\/\/mearbhall.de\/wp-content\/uploads\/2020\/01\/IMG-20200111-WA0026-1536x1152.jpg 1536w, https:\/\/mearbhall.de\/wp-content\/uploads\/2020\/01\/IMG-20200111-WA0026.jpg 1600w\" sizes=\"auto, (max-width: 1024px) 100vw, 1024px\" \/><figcaption class=\"wp-element-caption\">B\u00f6rsencaf\u00e9, Neuss 2020<\/figcaption><\/figure>\n<\/div>\n\n\n<p>24.11.19 <a href=\"https:\/\/www.limericks-krefeld.de\/\">Limericks Irish Pub<\/a>,, Krefeld<\/p>\n\n\n\n<figure class=\"wp-block-image size-large\"><img loading=\"lazy\" decoding=\"async\" width=\"1024\" height=\"292\" src=\"https:\/\/mearbhall.de\/wp-content\/uploads\/2020\/01\/Limericks-2019-1024x292.jpg\" alt=\"\" class=\"wp-image-221\" srcset=\"https:\/\/mearbhall.de\/wp-content\/uploads\/2020\/01\/Limericks-2019-1024x292.jpg 1024w, https:\/\/mearbhall.de\/wp-content\/uploads\/2020\/01\/Limericks-2019-600x171.jpg 600w, https:\/\/mearbhall.de\/wp-content\/uploads\/2020\/01\/Limericks-2019-300x86.jpg 300w, https:\/\/mearbhall.de\/wp-content\/uploads\/2020\/01\/Limericks-2019-768x219.jpg 768w, https:\/\/mearbhall.de\/wp-content\/uploads\/2020\/01\/Limericks-2019.jpg 1432w\" sizes=\"auto, (max-width: 1024px) 100vw, 1024px\" \/><figcaption class=\"wp-element-caption\">Limericks, Krefeld 2019<\/figcaption><\/figure>\n\n\n\n<p>27.09.19 Kulturwoche Stadtkirche, Solingen<\/p>\n\n\n\n<figure class=\"wp-block-image size-large is-resized\"><img loading=\"lazy\" decoding=\"async\" width=\"709\" height=\"588\" src=\"https:\/\/mearbhall.de\/wp-content\/uploads\/2020\/01\/Stadtkirche-Solingen-2019.jpg\" alt=\"Von links nach rechts sieht man Ingo mit Bodhran, V\u00e9ronique mit Geige, Andreas, die Pfarrerin Jutta,Degen und Jochen zusammenstehend im Altarbereich den Zuschauern zul\u00e4chelnd. Im Hintergrund das Mearbhall Banner.\" class=\"wp-image-220\" style=\"width:838px;height:695px\" srcset=\"https:\/\/mearbhall.de\/wp-content\/uploads\/2020\/01\/Stadtkirche-Solingen-2019.jpg 709w, https:\/\/mearbhall.de\/wp-content\/uploads\/2020\/01\/Stadtkirche-Solingen-2019-600x498.jpg 600w, https:\/\/mearbhall.de\/wp-content\/uploads\/2020\/01\/Stadtkirche-Solingen-2019-300x249.jpg 300w\" sizes=\"auto, (max-width: 709px) 100vw, 709px\" \/><figcaption class=\"wp-element-caption\">Stadtkirche Solingen 2019<\/figcaption><\/figure>\n\n\n\n<p>07.09.19 Spunk, Wuppertal<\/p>\n\n\n\n<figure class=\"wp-block-image size-large\"><img loading=\"lazy\" decoding=\"async\" width=\"992\" height=\"573\" src=\"https:\/\/mearbhall.de\/wp-content\/uploads\/2020\/01\/Spunk-2019.jpg\" alt=\"Andreas und Jochen an Gitarre und Bass vertieft in spielen. V\u00e9ronique wartet auf ihren Geigeneinsatz, Ingo lacht ins Publikum. Warm rote Atmosph\u00e4re im Spunk, Wuppertal. \u00dcber dem Notenst\u00e4nder h\u00e4ngt die Flagge der Republik Irland.\" class=\"wp-image-218\" srcset=\"https:\/\/mearbhall.de\/wp-content\/uploads\/2020\/01\/Spunk-2019.jpg 992w, https:\/\/mearbhall.de\/wp-content\/uploads\/2020\/01\/Spunk-2019-600x347.jpg 600w, https:\/\/mearbhall.de\/wp-content\/uploads\/2020\/01\/Spunk-2019-300x173.jpg 300w, https:\/\/mearbhall.de\/wp-content\/uploads\/2020\/01\/Spunk-2019-768x444.jpg 768w\" sizes=\"auto, (max-width: 992px) 100vw, 992px\" \/><figcaption class=\"wp-element-caption\">Spunk, Wuppertal 2019<\/figcaption><\/figure>\n\n\n\n<p>20.07.19 The Copper Pot, Irish Pub, K\u00f6ln<\/p>\n\n\n\n<figure class=\"wp-block-image size-large\"><img loading=\"lazy\" decoding=\"async\" width=\"992\" height=\"582\" src=\"https:\/\/mearbhall.de\/wp-content\/uploads\/2020\/01\/Copper-Pot-Cologne-Ko\u0308ln_Mearbhall.jpg\" alt=\"The Copper Pot, Irish Pub, K\u00f6ln. Die Band ist zwischen aufgestellten Birkenst\u00e4mmen zu sehen.\" class=\"wp-image-217\" srcset=\"https:\/\/mearbhall.de\/wp-content\/uploads\/2020\/01\/Copper-Pot-Cologne-Ko\u0308ln_Mearbhall.jpg 992w, https:\/\/mearbhall.de\/wp-content\/uploads\/2020\/01\/Copper-Pot-Cologne-Ko\u0308ln_Mearbhall-600x352.jpg 600w, https:\/\/mearbhall.de\/wp-content\/uploads\/2020\/01\/Copper-Pot-Cologne-Ko\u0308ln_Mearbhall-300x176.jpg 300w, https:\/\/mearbhall.de\/wp-content\/uploads\/2020\/01\/Copper-Pot-Cologne-Ko\u0308ln_Mearbhall-768x451.jpg 768w\" sizes=\"auto, (max-width: 992px) 100vw, 992px\" \/><figcaption class=\"wp-element-caption\">The Copper Pot, Irish Pub, K\u00f6ln 2019<\/figcaption><\/figure>\n\n\n\n<figure class=\"wp-block-image size-large\"><img loading=\"lazy\" decoding=\"async\" width=\"1024\" height=\"402\" src=\"https:\/\/mearbhall.de\/wp-content\/uploads\/2019\/12\/TripAdvisor_mearbhall_koeln_cologne-1024x402.jpg\" alt=\"\" class=\"wp-image-152\" srcset=\"https:\/\/mearbhall.de\/wp-content\/uploads\/2019\/12\/TripAdvisor_mearbhall_koeln_cologne-1024x402.jpg 1024w, https:\/\/mearbhall.de\/wp-content\/uploads\/2019\/12\/TripAdvisor_mearbhall_koeln_cologne-600x236.jpg 600w, https:\/\/mearbhall.de\/wp-content\/uploads\/2019\/12\/TripAdvisor_mearbhall_koeln_cologne-300x118.jpg 300w, https:\/\/mearbhall.de\/wp-content\/uploads\/2019\/12\/TripAdvisor_mearbhall_koeln_cologne-768x302.jpg 768w, https:\/\/mearbhall.de\/wp-content\/uploads\/2019\/12\/TripAdvisor_mearbhall_koeln_cologne-1536x604.jpg 1536w, https:\/\/mearbhall.de\/wp-content\/uploads\/2019\/12\/TripAdvisor_mearbhall_koeln_cologne.jpg 1588w\" sizes=\"auto, (max-width: 1024px) 100vw, 1024px\" \/><\/figure>\n\n\n\n<p>04.07.19 Fienchen&#8217;s Kaj\u00fcte, Haan<\/p>\n\n\n\n<figure class=\"wp-block-image size-large\"><img loading=\"lazy\" decoding=\"async\" width=\"1024\" height=\"282\" src=\"https:\/\/mearbhall.de\/wp-content\/uploads\/2020\/01\/Bildschirmfoto-2019-07-05-um-18.34.27-1024x282.png\" alt=\"\" class=\"wp-image-216\" srcset=\"https:\/\/mearbhall.de\/wp-content\/uploads\/2020\/01\/Bildschirmfoto-2019-07-05-um-18.34.27-1024x282.png 1024w, https:\/\/mearbhall.de\/wp-content\/uploads\/2020\/01\/Bildschirmfoto-2019-07-05-um-18.34.27-600x165.png 600w, https:\/\/mearbhall.de\/wp-content\/uploads\/2020\/01\/Bildschirmfoto-2019-07-05-um-18.34.27-300x83.png 300w, https:\/\/mearbhall.de\/wp-content\/uploads\/2020\/01\/Bildschirmfoto-2019-07-05-um-18.34.27-768x212.png 768w, https:\/\/mearbhall.de\/wp-content\/uploads\/2020\/01\/Bildschirmfoto-2019-07-05-um-18.34.27-1536x423.png 1536w, https:\/\/mearbhall.de\/wp-content\/uploads\/2020\/01\/Bildschirmfoto-2019-07-05-um-18.34.27.png 1850w\" sizes=\"auto, (max-width: 1024px) 100vw, 1024px\" \/><figcaption class=\"wp-element-caption\">Fienchens Kaj\u00fcte, Haan 2019<\/figcaption><\/figure>\n\n\n\n<p>10.06.19 Geschlossene Gesellschaft, Solingen<\/p>\n\n\n\n<p>10.05.19 QBs Musikcaf\u00e9, Wuppertal-Cronenberg<\/p>\n\n\n\n<figure class=\"wp-block-image size-large\"><img loading=\"lazy\" decoding=\"async\" width=\"809\" height=\"203\" src=\"https:\/\/mearbhall.de\/wp-content\/uploads\/2020\/01\/mearbhall_irish_folk_wuppertal_cronenberg_2019_1.jpg\" alt=\"\" class=\"wp-image-207\" srcset=\"https:\/\/mearbhall.de\/wp-content\/uploads\/2020\/01\/mearbhall_irish_folk_wuppertal_cronenberg_2019_1.jpg 809w, https:\/\/mearbhall.de\/wp-content\/uploads\/2020\/01\/mearbhall_irish_folk_wuppertal_cronenberg_2019_1-600x151.jpg 600w, https:\/\/mearbhall.de\/wp-content\/uploads\/2020\/01\/mearbhall_irish_folk_wuppertal_cronenberg_2019_1-300x75.jpg 300w, https:\/\/mearbhall.de\/wp-content\/uploads\/2020\/01\/mearbhall_irish_folk_wuppertal_cronenberg_2019_1-768x193.jpg 768w\" sizes=\"auto, (max-width: 809px) 100vw, 809px\" \/><figcaption class=\"wp-element-caption\">QBs Cafe Cronenberg, Wuppertal 2019<\/figcaption><\/figure>\n\n\n\n<p>06.04.19 Irish Folk Festival Haan (ausverkauft)<\/p>\n\n\n\n<figure class=\"wp-block-image size-large\"><img loading=\"lazy\" decoding=\"async\" width=\"800\" height=\"404\" src=\"https:\/\/mearbhall.de\/wp-content\/uploads\/2020\/01\/mearbhall_live_rockin_rooster_haan.jpg\" alt=\"\" class=\"wp-image-210\" srcset=\"https:\/\/mearbhall.de\/wp-content\/uploads\/2020\/01\/mearbhall_live_rockin_rooster_haan.jpg 800w, https:\/\/mearbhall.de\/wp-content\/uploads\/2020\/01\/mearbhall_live_rockin_rooster_haan-600x303.jpg 600w, https:\/\/mearbhall.de\/wp-content\/uploads\/2020\/01\/mearbhall_live_rockin_rooster_haan-300x152.jpg 300w, https:\/\/mearbhall.de\/wp-content\/uploads\/2020\/01\/mearbhall_live_rockin_rooster_haan-768x388.jpg 768w\" sizes=\"auto, (max-width: 800px) 100vw, 800px\" \/><figcaption class=\"wp-element-caption\">Rockin&#8216; Rooster Club, Haan 2019<\/figcaption><\/figure>\n\n\n\n<figure class=\"wp-block-embed is-type-wp-embed is-provider-rockin-039-rooster-club-e-v wp-block-embed-rockin-039-rooster-club-e-v\"><div class=\"wp-block-embed__wrapper\">\nhttps:\/\/www.facebook.com\/events\/368767797292824\n<\/div><\/figure>\n\n\n\n<p>24.02.19 Geschlossene Gesellschaft, Hattingen<\/p>\n\n\n\n<figure class=\"wp-block-image size-large\"><img loading=\"lazy\" decoding=\"async\" width=\"800\" height=\"200\" src=\"https:\/\/mearbhall.de\/wp-content\/uploads\/2020\/01\/mearbhall_irish_folk_hattingen_2019.jpg\" alt=\"Die Band Mearhall steh vor einem Fachwerkhaus nach einem KOnzert in Hattingen. Alles ist schwarz\/ wei\u00df\/ sepia.\" class=\"wp-image-206\" srcset=\"https:\/\/mearbhall.de\/wp-content\/uploads\/2020\/01\/mearbhall_irish_folk_hattingen_2019.jpg 800w, https:\/\/mearbhall.de\/wp-content\/uploads\/2020\/01\/mearbhall_irish_folk_hattingen_2019-600x150.jpg 600w, https:\/\/mearbhall.de\/wp-content\/uploads\/2020\/01\/mearbhall_irish_folk_hattingen_2019-300x75.jpg 300w, https:\/\/mearbhall.de\/wp-content\/uploads\/2020\/01\/mearbhall_irish_folk_hattingen_2019-768x192.jpg 768w\" sizes=\"auto, (max-width: 800px) 100vw, 800px\" \/><figcaption class=\"wp-element-caption\">Hattingen 2019<\/figcaption><\/figure>\n\n\n\n<p>21.12.18 Geschlossene Gesellschaft, Solingen<\/p>\n\n\n\n<p>24.11.18 Spunk, Wuppertal-Elberfeld<\/p>\n\n\n\n<figure class=\"wp-block-image size-large\"><img loading=\"lazy\" decoding=\"async\" width=\"799\" height=\"200\" src=\"https:\/\/mearbhall.de\/wp-content\/uploads\/2020\/01\/mearbhall_irish_folk_wuppertal_spunk_2018.jpg\" alt=\"\" class=\"wp-image-211\" srcset=\"https:\/\/mearbhall.de\/wp-content\/uploads\/2020\/01\/mearbhall_irish_folk_wuppertal_spunk_2018.jpg 799w, https:\/\/mearbhall.de\/wp-content\/uploads\/2020\/01\/mearbhall_irish_folk_wuppertal_spunk_2018-600x150.jpg 600w, https:\/\/mearbhall.de\/wp-content\/uploads\/2020\/01\/mearbhall_irish_folk_wuppertal_spunk_2018-300x75.jpg 300w, https:\/\/mearbhall.de\/wp-content\/uploads\/2020\/01\/mearbhall_irish_folk_wuppertal_spunk_2018-768x192.jpg 768w\" sizes=\"auto, (max-width: 799px) 100vw, 799px\" \/><figcaption class=\"wp-element-caption\">Spunk, Wuppertal 2018<\/figcaption><\/figure>\n\n\n\n<p>26.10.18 Gr\u00e4frath Abend, Solingen (ausverkauft)<\/p>\n\n\n\n<figure class=\"wp-block-image size-large\"><img loading=\"lazy\" decoding=\"async\" width=\"800\" height=\"200\" src=\"https:\/\/mearbhall.de\/wp-content\/uploads\/2020\/01\/mearbhall_irish_folk_solingen_graefrath_2018-1.jpg\" alt=\"\" class=\"wp-image-212\" srcset=\"https:\/\/mearbhall.de\/wp-content\/uploads\/2020\/01\/mearbhall_irish_folk_solingen_graefrath_2018-1.jpg 800w, https:\/\/mearbhall.de\/wp-content\/uploads\/2020\/01\/mearbhall_irish_folk_solingen_graefrath_2018-1-600x150.jpg 600w, https:\/\/mearbhall.de\/wp-content\/uploads\/2020\/01\/mearbhall_irish_folk_solingen_graefrath_2018-1-300x75.jpg 300w, https:\/\/mearbhall.de\/wp-content\/uploads\/2020\/01\/mearbhall_irish_folk_solingen_graefrath_2018-1-768x192.jpg 768w\" sizes=\"auto, (max-width: 800px) 100vw, 800px\" \/><figcaption class=\"wp-element-caption\">Gr\u00e4frath Abend, Solingen 2018<\/figcaption><\/figure>\n\n\n\n<p>06.09.18 Fienchen&#8217;s Kaj\u00fcte, Haan<\/p>\n\n\n\n<figure class=\"wp-block-image size-large\"><img loading=\"lazy\" decoding=\"async\" width=\"1024\" height=\"576\" src=\"https:\/\/mearbhall.de\/wp-content\/uploads\/2020\/01\/fk01-1024x576.jpg\" alt=\"\" class=\"wp-image-215\" srcset=\"https:\/\/mearbhall.de\/wp-content\/uploads\/2020\/01\/fk01-1024x576.jpg 1024w, https:\/\/mearbhall.de\/wp-content\/uploads\/2020\/01\/fk01-600x338.jpg 600w, https:\/\/mearbhall.de\/wp-content\/uploads\/2020\/01\/fk01-300x169.jpg 300w, https:\/\/mearbhall.de\/wp-content\/uploads\/2020\/01\/fk01-768x432.jpg 768w, https:\/\/mearbhall.de\/wp-content\/uploads\/2020\/01\/fk01.jpg 1280w\" sizes=\"auto, (max-width: 1024px) 100vw, 1024px\" \/><figcaption class=\"wp-element-caption\">Fienchen&#8217;s Kaj\u00fcte, Haan 2018<\/figcaption><\/figure>\n\n\n\n<p>04.08.18 Pub Tom Bombadil, Solingen<\/p>\n\n\n\n<figure class=\"wp-block-image size-large\"><img loading=\"lazy\" decoding=\"async\" width=\"800\" height=\"200\" src=\"https:\/\/mearbhall.de\/wp-content\/uploads\/2020\/01\/Pub-Tom-Bombadil_2018_3-good-mood-irish.jpg\" alt=\"\" class=\"wp-image-208\" srcset=\"https:\/\/mearbhall.de\/wp-content\/uploads\/2020\/01\/Pub-Tom-Bombadil_2018_3-good-mood-irish.jpg 800w, https:\/\/mearbhall.de\/wp-content\/uploads\/2020\/01\/Pub-Tom-Bombadil_2018_3-good-mood-irish-600x150.jpg 600w, https:\/\/mearbhall.de\/wp-content\/uploads\/2020\/01\/Pub-Tom-Bombadil_2018_3-good-mood-irish-300x75.jpg 300w, https:\/\/mearbhall.de\/wp-content\/uploads\/2020\/01\/Pub-Tom-Bombadil_2018_3-good-mood-irish-768x192.jpg 768w\" sizes=\"auto, (max-width: 800px) 100vw, 800px\" \/><figcaption class=\"wp-element-caption\">Pub Tom Bombadil, Solingen 2018<\/figcaption><\/figure>\n\n\n\n<figure class=\"wp-block-image size-large\"><img loading=\"lazy\" decoding=\"async\" width=\"800\" height=\"200\" src=\"https:\/\/mearbhall.de\/wp-content\/uploads\/2020\/01\/Pub-Tom-Bombadil_2018_1.jpg\" alt=\"\" class=\"wp-image-209\" srcset=\"https:\/\/mearbhall.de\/wp-content\/uploads\/2020\/01\/Pub-Tom-Bombadil_2018_1.jpg 800w, https:\/\/mearbhall.de\/wp-content\/uploads\/2020\/01\/Pub-Tom-Bombadil_2018_1-600x150.jpg 600w, https:\/\/mearbhall.de\/wp-content\/uploads\/2020\/01\/Pub-Tom-Bombadil_2018_1-300x75.jpg 300w, https:\/\/mearbhall.de\/wp-content\/uploads\/2020\/01\/Pub-Tom-Bombadil_2018_1-768x192.jpg 768w\" sizes=\"auto, (max-width: 800px) 100vw, 800px\" \/><figcaption class=\"wp-element-caption\">Pub Tom Bombadil, Solingen 2018<\/figcaption><\/figure>\n\n\n\n<p>02.06.18 Stadtkirche Kulturwoche Am Fronhof, Solingen<\/p>\n\n\n\n<figure class=\"wp-block-image size-large\"><img loading=\"lazy\" decoding=\"async\" width=\"800\" height=\"393\" src=\"https:\/\/mearbhall.de\/wp-content\/uploads\/2020\/01\/mearbhall-Stadtkirche-Solingen-2018.jpg\" alt=\"\" class=\"wp-image-201\" srcset=\"https:\/\/mearbhall.de\/wp-content\/uploads\/2020\/01\/mearbhall-Stadtkirche-Solingen-2018.jpg 800w, https:\/\/mearbhall.de\/wp-content\/uploads\/2020\/01\/mearbhall-Stadtkirche-Solingen-2018-600x295.jpg 600w, https:\/\/mearbhall.de\/wp-content\/uploads\/2020\/01\/mearbhall-Stadtkirche-Solingen-2018-300x147.jpg 300w, https:\/\/mearbhall.de\/wp-content\/uploads\/2020\/01\/mearbhall-Stadtkirche-Solingen-2018-768x377.jpg 768w\" sizes=\"auto, (max-width: 800px) 100vw, 800px\" \/><figcaption class=\"wp-element-caption\">Stadtkirche, Solingen 2018<\/figcaption><\/figure>\n\n\n\n<p>30.04.18 Geschlossene Gesellschaft, Krefeld<\/p>\n\n\n\n<p>20.04.18 Kleinkunstabend &#8222;Nachsitzen&#8220; Else, Wuppertal (ausverkauft)<\/p>\n\n\n\n<figure class=\"wp-block-image size-large\"><img loading=\"lazy\" decoding=\"async\" width=\"1000\" height=\"450\" src=\"https:\/\/mearbhall.de\/wp-content\/uploads\/2020\/01\/Bildschirmfoto-Kleinkunstabend-2018.jpg\" alt=\"\" class=\"wp-image-214\" srcset=\"https:\/\/mearbhall.de\/wp-content\/uploads\/2020\/01\/Bildschirmfoto-Kleinkunstabend-2018.jpg 1000w, https:\/\/mearbhall.de\/wp-content\/uploads\/2020\/01\/Bildschirmfoto-Kleinkunstabend-2018-600x270.jpg 600w, https:\/\/mearbhall.de\/wp-content\/uploads\/2020\/01\/Bildschirmfoto-Kleinkunstabend-2018-300x135.jpg 300w, https:\/\/mearbhall.de\/wp-content\/uploads\/2020\/01\/Bildschirmfoto-Kleinkunstabend-2018-768x346.jpg 768w\" sizes=\"auto, (max-width: 1000px) 100vw, 1000px\" \/><figcaption class=\"wp-element-caption\">Kleinkunstabend &#8222;Nachsitzen&#8220;, Wuppertal 2018<\/figcaption><\/figure>\n\n\n\n<p>14.12.17 Scarriff &#8211; The Irish Pub, Solingen<\/p>\n\n\n\n<figure class=\"wp-block-image size-large\"><img loading=\"lazy\" decoding=\"async\" width=\"800\" height=\"200\" src=\"https:\/\/mearbhall.de\/wp-content\/uploads\/2020\/01\/mearbhall_bilder_laemmerhirt_kaulen_blachucinski_XA.jpg\" alt=\"\" class=\"wp-image-202\" srcset=\"https:\/\/mearbhall.de\/wp-content\/uploads\/2020\/01\/mearbhall_bilder_laemmerhirt_kaulen_blachucinski_XA.jpg 800w, https:\/\/mearbhall.de\/wp-content\/uploads\/2020\/01\/mearbhall_bilder_laemmerhirt_kaulen_blachucinski_XA-600x150.jpg 600w, https:\/\/mearbhall.de\/wp-content\/uploads\/2020\/01\/mearbhall_bilder_laemmerhirt_kaulen_blachucinski_XA-300x75.jpg 300w, https:\/\/mearbhall.de\/wp-content\/uploads\/2020\/01\/mearbhall_bilder_laemmerhirt_kaulen_blachucinski_XA-768x192.jpg 768w\" sizes=\"auto, (max-width: 800px) 100vw, 800px\" \/><figcaption class=\"wp-element-caption\">Scarriff, Solingen 2017<\/figcaption><\/figure>\n\n\n\n<figure class=\"wp-block-image size-large\"><img loading=\"lazy\" decoding=\"async\" width=\"800\" height=\"200\" src=\"https:\/\/mearbhall.de\/wp-content\/uploads\/2020\/01\/mearbhall_bilder_laemmerhirt_kaulen_blachucinski_XB.jpg\" alt=\"\" class=\"wp-image-203\" srcset=\"https:\/\/mearbhall.de\/wp-content\/uploads\/2020\/01\/mearbhall_bilder_laemmerhirt_kaulen_blachucinski_XB.jpg 800w, https:\/\/mearbhall.de\/wp-content\/uploads\/2020\/01\/mearbhall_bilder_laemmerhirt_kaulen_blachucinski_XB-600x150.jpg 600w, https:\/\/mearbhall.de\/wp-content\/uploads\/2020\/01\/mearbhall_bilder_laemmerhirt_kaulen_blachucinski_XB-300x75.jpg 300w, https:\/\/mearbhall.de\/wp-content\/uploads\/2020\/01\/mearbhall_bilder_laemmerhirt_kaulen_blachucinski_XB-768x192.jpg 768w\" sizes=\"auto, (max-width: 800px) 100vw, 800px\" \/><figcaption class=\"wp-element-caption\">Scarriff, Solingen 2017<\/figcaption><\/figure>\n\n\n\n<p>14.05.17 &#8222;Gr\u00e4frather Markt&#8220; &#8211; Stadtteilfest, Solingen<\/p>\n\n\n\n<figure class=\"wp-block-image size-large\"><img loading=\"lazy\" decoding=\"async\" width=\"800\" height=\"200\" src=\"https:\/\/mearbhall.de\/wp-content\/uploads\/2020\/01\/mearbhall_bilder_laemmerhirt_kaulen_blachucinski_XF.jpg\" alt=\"\" class=\"wp-image-205\" srcset=\"https:\/\/mearbhall.de\/wp-content\/uploads\/2020\/01\/mearbhall_bilder_laemmerhirt_kaulen_blachucinski_XF.jpg 800w, https:\/\/mearbhall.de\/wp-content\/uploads\/2020\/01\/mearbhall_bilder_laemmerhirt_kaulen_blachucinski_XF-600x150.jpg 600w, https:\/\/mearbhall.de\/wp-content\/uploads\/2020\/01\/mearbhall_bilder_laemmerhirt_kaulen_blachucinski_XF-300x75.jpg 300w, https:\/\/mearbhall.de\/wp-content\/uploads\/2020\/01\/mearbhall_bilder_laemmerhirt_kaulen_blachucinski_XF-768x192.jpg 768w\" sizes=\"auto, (max-width: 800px) 100vw, 800px\" \/><figcaption class=\"wp-element-caption\">Gr\u00e4frather Marktfest 2017<\/figcaption><\/figure>\n\n\n\n<p>28.10.16 &#8222;Gr\u00e4frath-Abend&#8220;, Solingen (ausverkauft)<\/p>\n\n\n<div class=\"wp-block-image\">\n<figure class=\"aligncenter size-medium is-resized\"><img loading=\"lazy\" decoding=\"async\" width=\"300\" height=\"300\" src=\"https:\/\/mearbhall.de\/wp-content\/uploads\/2020\/01\/Mearbhall_Graefrath-2016-300x300.jpg\" alt=\"\" class=\"wp-image-213\" style=\"width:289px;height:289px\" srcset=\"https:\/\/mearbhall.de\/wp-content\/uploads\/2020\/01\/Mearbhall_Graefrath-2016-300x300.jpg 300w, https:\/\/mearbhall.de\/wp-content\/uploads\/2020\/01\/Mearbhall_Graefrath-2016-100x100.jpg 100w, https:\/\/mearbhall.de\/wp-content\/uploads\/2020\/01\/Mearbhall_Graefrath-2016-600x600.jpg 600w, https:\/\/mearbhall.de\/wp-content\/uploads\/2020\/01\/Mearbhall_Graefrath-2016-1024x1024.jpg 1024w, https:\/\/mearbhall.de\/wp-content\/uploads\/2020\/01\/Mearbhall_Graefrath-2016-150x150.jpg 150w, https:\/\/mearbhall.de\/wp-content\/uploads\/2020\/01\/Mearbhall_Graefrath-2016-768x768.jpg 768w, https:\/\/mearbhall.de\/wp-content\/uploads\/2020\/01\/Mearbhall_Graefrath-2016-1536x1536.jpg 1536w, https:\/\/mearbhall.de\/wp-content\/uploads\/2020\/01\/Mearbhall_Graefrath-2016-2048x2048.jpg 2048w\" sizes=\"auto, (max-width: 300px) 100vw, 300px\" \/><figcaption class=\"wp-element-caption\">Der EINE und EINZIGE Auftritt &#8230;<br>15 Minuten: Gr\u00e4frather (Andreas mit Mearbhall) f\u00fcr Gr\u00e4frather, Solingen 2016<\/figcaption><\/figure>\n<\/div>\n\n\n<p>Informiert euch und folgt uns gerne bei Instagram  &#8222;irish_folk_mearbhall&#8220; <br>oder auf Facebook und abonniert uns auf YouTube. Das w\u00e4r toll.<br>Unser YouTube-Kanal: <a href=\"https:\/\/www.youtube.com\/channel\/UCb5f6i9P46GFUg-fRpAUlqA\">https:\/\/www.youtube.com\/channel\/UCb5f6i9P46GFUg-fRpAUlqA<\/a><\/p>\n\n\n\n<p>Kontakt:<br> Ingo L\u00e4mmerhirt<br> mobil: 01sieben2 982 50 50<br> mail: info (\u00e4d) mearbhall.de<br>Wegen vielfacher Anfragen hier die M\u00f6glichkeit uns als <strong>K\u00fcnstler zu unterst\u00fctzen<\/strong>:<br>Der Hut geht rum f\u00fcr die Band: mearbhall c\/o Laemmerhirt<br>IBAN DE86 5001 0517 5401 2126 90 Betreff: Name xy u Konzert in xy,<br>oder: paypal: brief@ingolaemmerhirt.de<\/p>\n","protected":false},"excerpt":{"rendered":"<p>Facebook-Kommentar von Elisabeth W.: &#8222;Die vier sind hervorragende K\u00fcnstler &#8211; man sp\u00fcrt dass sie nicht nur ein geniales K\u00f6nnen besitzen, sondern die Musik auch lieben!&#8220; (April 2023)Danke, Elisabeth, ja, das tun wir \ud83d\ude42&#8222;Du hast uns als Fans heute dazu gewonnen und wir werden uns noch&nbsp;<a class=\"read-more\" href=\"https:\/\/mearbhall.de\/\">&hellip;<\/a><\/p>\n","protected":false},"author":1,"featured_media":0,"parent":0,"menu_order":0,"comment_status":"closed","ping_status":"open","template":"","meta":{"footnotes":""},"class_list":["post-6","page","type-page","status-publish","hentry"],"_links":{"self":[{"href":"https:\/\/mearbhall.de\/index.php?rest_route=\/wp\/v2\/pages\/6","targetHints":{"allow":["GET"]}}],"collection":[{"href":"https:\/\/mearbhall.de\/index.php?rest_route=\/wp\/v2\/pages"}],"about":[{"href":"https:\/\/mearbhall.de\/index.php?rest_route=\/wp\/v2\/types\/page"}],"author":[{"embeddable":true,"href":"https:\/\/mearbhall.de\/index.php?rest_route=\/wp\/v2\/users\/1"}],"replies":[{"embeddable":true,"href":"https:\/\/mearbhall.de\/index.php?rest_route=%2Fwp%2Fv2%2Fcomments&post=6"}],"version-history":[{"count":402,"href":"https:\/\/mearbhall.de\/index.php?rest_route=\/wp\/v2\/pages\/6\/revisions"}],"predecessor-version":[{"id":1174,"href":"https:\/\/mearbhall.de\/index.php?rest_route=\/wp\/v2\/pages\/6\/revisions\/1174"}],"wp:attachment":[{"href":"https:\/\/mearbhall.de\/index.php?rest_route=%2Fwp%2Fv2%2Fmedia&parent=6"}],"curies":[{"name":"wp","href":"https:\/\/api.w.org\/{rel}","templated":true}]}}